{"id":23946839,"date":"2023-07-26T15:51:12","date_gmt":"2023-07-26T13:51:12","guid":{"rendered":"https:\/\/www.agrisalus.it\/uber-uns\/"},"modified":"2025-05-27T10:40:25","modified_gmt":"2025-05-27T08:40:25","slug":"uber-uns","status":"publish","type":"page","link":"https:\/\/www.agrisalus.it\/de\/uber-uns\/","title":{"rendered":"\u00dcber uns"},"content":{"rendered":"<p>[et_pb_section fb_built=&#8220;1&#8243; custom_padding_last_edited=&#8220;on|phone&#8220; _builder_version=&#8220;4.21.0&#8243; _module_preset=&#8220;default&#8220; background_image=&#8220;https:\/\/www.agrisalus.it\/wp-content\/uploads\/2023\/07\/Agricampeggio-Agrisalus-Chi-siamo.webp&#8220; parallax=&#8220;on&#8220; custom_padding=&#8220;23em||23em||true|false&#8220; custom_padding_tablet=&#8220;15em||15em||true|false&#8220; custom_padding_phone=&#8220;12em||12em||true|false&#8220; global_colors_info=&#8220;{}&#8220;][et_pb_row _builder_version=&#8220;4.20.4&#8243; _module_preset=&#8220;default&#8220; global_colors_info=&#8220;{}&#8220;][et_pb_column type=&#8220;4_4&#8243; _builder_version=&#8220;4.20.4&#8243; _module_preset=&#8220;default&#8220; global_colors_info=&#8220;{}&#8220;][et_pb_text _builder_version=&#8220;4.21.0&#8243; _module_preset=&#8220;default&#8220; text_font=&#8220;another-shabby||||||||&#8220; text_text_color=&#8220;#FFF2E1&#8243; text_font_size=&#8220;24px&#8220; header_text_align=&#8220;center&#8220; header_text_color=&#8220;#FFF2E1&#8243; header_font_size=&#8220;58px&#8220; header_3_font=&#8220;|600||on|||||&#8220; text_orientation=&#8220;center&#8220; text_font_size_tablet=&#8220;20px&#8220; text_font_size_phone=&#8220;18px&#8220; text_font_size_last_edited=&#8220;on|phone&#8220; header_font_size_tablet=&#8220;58px&#8220; header_font_size_phone=&#8220;52px&#8220; header_font_size_last_edited=&#8220;on|phone&#8220; text_text_shadow_style=&#8220;preset2&#8243; text_text_shadow_horizontal_length=&#8220;0em&#8220; text_text_shadow_blur_strength=&#8220;1.11em&#8220; text_text_shadow_color=&#8220;#1C1C1C&#8220; header_text_shadow_style=&#8220;preset2&#8243; header_text_shadow_horizontal_length=&#8220;0em&#8220; header_text_shadow_blur_strength=&#8220;0.96em&#8220; header_text_shadow_color=&#8220;#1C1C1C&#8220; global_colors_info=&#8220;{}&#8220;]<\/p>\n<h1>\u00dcber uns<\/h1>\n<p>[\/et_pb_text][et_pb_text _builder_version=&#8220;4.21.0&#8243; _module_preset=&#8220;default&#8220; text_text_color=&#8220;#FFFBF3&#8243; text_font_size=&#8220;1px&#8220; text_line_height=&#8220;1em&#8220; text_orientation=&#8220;center&#8220; locked=&#8220;off&#8220; global_colors_info=&#8220;{}&#8220;]<a style=\"color:#ffffff00\" href=\"https:\/\/www.facebook.com\/p\/AgriSalus-100076198607214\/\">F<\/a>[\/et_pb_text][et_pb_text _builder_version=&#8220;4.21.0&#8243; _module_preset=&#8220;default&#8220; text_text_color=&#8220;#FFFBF3&#8243; text_font_size=&#8220;1px&#8220; text_line_height=&#8220;1em&#8220; text_orientation=&#8220;center&#8220; locked=&#8220;off&#8220; global_colors_info=&#8220;{}&#8220;]<\/p>\n<p><a style=\"color: #ffffff00;\" href=\"https:\/\/www.agrisalus.it\/contatti\/\">F<\/a><\/p>\n<p>[\/et_pb_text][\/et_pb_column][\/et_pb_row][\/et_pb_section][et_pb_section fb_built=&#8220;1&#8243; custom_padding_last_edited=&#8220;on|phone&#8220; _builder_version=&#8220;4.21.0&#8243; _module_preset=&#8220;default&#8220; background_color=&#8220;#FFFBF3&#8243; custom_padding_tablet=&#8220;&#8220; custom_padding_phone=&#8220;10px||0px||false|false&#8220; global_colors_info=&#8220;{}&#8220;][et_pb_row _builder_version=&#8220;4.21.0&#8243; _module_preset=&#8220;default&#8220; width=&#8220;40%&#8220; width_tablet=&#8220;100%&#8220; width_phone=&#8220;100%&#8220; width_last_edited=&#8220;on|desktop&#8220; max_width=&#8220;80%&#8220; custom_margin=&#8220;2em||6em||false|false&#8220; custom_margin_tablet=&#8220;2em||6em||false|false&#8220; custom_margin_phone=&#8220;2em||0em||false|false&#8220; custom_margin_last_edited=&#8220;on|phone&#8220; custom_padding=&#8220;||0px|||&#8220; global_colors_info=&#8220;{}&#8220;][et_pb_column type=&#8220;4_4&#8243; _builder_version=&#8220;4.21.0&#8243; _module_preset=&#8220;default&#8220; custom_padding=&#8220;|3em|||false|false&#8220; custom_padding_tablet=&#8220;|1em|||false|false&#8220; custom_padding_phone=&#8220;|1em|||false|false&#8220; custom_padding_last_edited=&#8220;on|tablet&#8220; global_colors_info=&#8220;{}&#8220;][et_pb_text _builder_version=&#8220;4.21.0&#8243; _module_preset=&#8220;default&#8220; header_text_align=&#8220;center&#8220; header_font_size=&#8220;36px&#8220; header_2_text_align=&#8220;center&#8220; header_2_font_size=&#8220;32px&#8220; text_orientation=&#8220;center&#8220; custom_margin=&#8220;||6px|||&#8220; header_2_text_align_tablet=&#8220;center&#8220; header_2_text_align_phone=&#8220;left&#8220; header_2_text_align_last_edited=&#8220;on|desktop&#8220; global_colors_info=&#8220;{}&#8220;]<\/p>\n<h2>Unsere Philosophie<\/h2>\n<p>[\/et_pb_text][et_pb_text _builder_version=&#8220;4.21.0&#8243; _module_preset=&#8220;default&#8220; text_font_size=&#8220;16px&#8220; header_text_align=&#8220;center&#8220; header_2_text_align=&#8220;center&#8220; header_3_text_align=&#8220;center&#8220; text_orientation=&#8220;center&#8220; custom_margin=&#8220;0px||29px||false|false&#8220; text_orientation_tablet=&#8220;center&#8220; text_orientation_phone=&#8220;left&#8220; text_orientation_last_edited=&#8220;on|phone&#8220; global_colors_info=&#8220;{}&#8220;]<\/p>\n<p class=\"_04xlpA direction-ltr align-justify para-style-body\"><span class=\"WdYUQQ\">Unsere Idee kommt aus der Ferne: die von den Herkunftsfamilien weitergegebene Leidenschaft f\u00fcr die Tier- und Landwirtschaftswelt, <strong>die Leidenschaft f\u00fcr die Natur<\/strong>, ber auch der Wille, die urspr\u00fcnglichsten und einfachsten Werte wiederzugewinnen, um sie unseren G\u00e4sten mit M\u00fche und Tat weiterzugeben um ihnen <strong>ein seltenes Gef\u00fchl zu vermitteln<\/strong>, auch aus territorialer, gastronomischer Sicht<\/span><\/p>\n<p class=\"_04xlpA direction-ltr align-justify para-style-body\">[\/et_pb_text][\/et_pb_column][\/et_pb_row][et_pb_row column_structure=&#8220;1_2,1_2&#8243; _builder_version=&#8220;4.21.0&#8243; _module_preset=&#8220;default&#8220; max_width=&#8220;80%&#8220; custom_padding=&#8220;||0px|||&#8220; global_colors_info=&#8220;{}&#8220;][et_pb_column type=&#8220;1_2&#8243; _builder_version=&#8220;4.21.0&#8243; _module_preset=&#8220;default&#8220; custom_padding=&#8220;|3em|||false|false&#8220; custom_padding_tablet=&#8220;|1em|||false|false&#8220; custom_padding_phone=&#8220;|1em|||false|false&#8220; custom_padding_last_edited=&#8220;on|tablet&#8220; global_colors_info=&#8220;{}&#8220;][et_pb_text _builder_version=&#8220;4.21.0&#8243; _module_preset=&#8220;default&#8220; text_font_size=&#8220;16px&#8220; custom_margin=&#8220;0px||20px||false|false&#8220; header_3_font_size_tablet=&#8220;&#8220; header_3_font_size_phone=&#8220;26px&#8220; header_3_font_size_last_edited=&#8220;on|phone&#8220; global_colors_info=&#8220;{}&#8220;]<\/p>\n<h3 class=\"_04xlpA direction-ltr align-justify para-style-body\"><span class=\"WdYUQQ\">Unser Team<\/span><\/h3>\n<p class=\"_04xlpA direction-ltr align-justify para-style-body\"><span class=\"WdYUQQ\"><strong>Lorenzo<\/strong>: W\u00e4hrend seines Studiums der Veterin\u00e4rmedizin kam ihm die Idee, ein eigenes Unternehmen zu gr\u00fcnden, das sich um <strong>das Wohlergehen seiner Tiere sowie<\/strong> um die Qualit\u00e4t und Nachhaltigkeit ihrer Nebenprodukte k\u00fcmmert. Aufgrund seiner b\u00e4uerlichen Herkunft beschloss er im Alter von 23 Jahren, diesen Weg einzuschlagen und begann mit der Bewirtschaftung einiger Almen, in der \u00dcberzeugung, dass er sie mit etwas Stabilerem im Tal verbinden k\u00f6nnte. Im Jahr 2019 kaufte er einen ehemaligen Schweinestall in der Umgebung von Bolognano mit der Idee, ihn zu <strong>renovieren<\/strong> und einen kleinen Milchviehbetrieb, eine   <\/span><span style=\"font-size: 16px;\">Mini-K\u00e4serei und einen Agri-Campingplatz einzurichten.<\/span><\/p>\n<p class=\"_04xlpA direction-ltr align-justify para-style-body\"><span class=\"WdYUQQ\"><strong>Nicole<\/strong>, eine Therapeutin f\u00fcr Entwicklungsneurologie und Psychomotorik, ist f\u00fcr alle Aktivit\u00e4ten des p\u00e4dagogischen Bauernhofs mit Kindern und der Tierwelt verantwortlich<\/span><\/p>\n<p>[\/et_pb_text][et_pb_text disabled_on=&#8220;on|on|on&#8220; _builder_version=&#8220;4.21.0&#8243; _module_preset=&#8220;default&#8220; text_font_size=&#8220;16px&#8220; custom_margin=&#8220;0px||20px||false|false&#8220; disabled=&#8220;on&#8220; global_colors_info=&#8220;{}&#8220;]<\/p>\n<h3 class=\"_04xlpA direction-ltr align-justify para-style-body\"><span class=\"WdYUQQ\">Wir sind Lorenzo und Nicole<\/span><\/h3>\n<p class=\"_04xlpA direction-ltr align-justify para-style-body\"><span class=\"WdYUQQ\"><strong>Lorenzo<\/strong>: durante il percorso di studi in Medicina Veterinaria ha preso piede in me l\u2019idea di avviare un\u2019attivit\u00e0 personale<strong> incentrata sul benessere dei miei animali<\/strong> oltre che sulla qualit\u00e0 e sostenibilit\u00e0 dei loro derivati. Forte delle origini contadine, a 23 anni ho deciso di intraprendere questa strada ed ho iniziato a gestire alcune malghe, convinto di riuscire ad associarle a qualcosa di pi\u00f9 stabile anche in valle. Nel 2019 ho quindi acquistato un\u2019ex porcilaia nelle campagne di Bolognano con l\u2019idea di <strong>ristrutturarla<\/strong>. Realizzazione di un piccolo allevamento di bovine da latte, mini-caseificio ed agricamping.    <\/span><\/p>\n<p class=\"_04xlpA direction-ltr align-justify para-style-body\"><span class=\"WdYUQQ\">Con l\u2019aiuto di mia moglie <strong>Nicole<\/strong>, terapista della neuro e psicomotricit\u00e0 dell\u2019et\u00e0 evolutiva, in collaborazione con uno studio di psicologia, dedicheremo alcuni <strong>spazi agli IAA<\/strong> (interventi assistiti con gli animali: cane, asino, gatto e coniglio), con lo scopo di<strong> aiutare i bimbi con difficolt\u00e0 relazionali, disabilit\u00e0 psicomotorie e neuromotorie<\/strong>. Tutto ci\u00f2 in un ambiente il pi\u00f9 possibile naturale e contadino, con occhio di riguardo al benessere dei nostri animali e delle persone che assaggiano i nostri prodotti, eco-sostenibilit\u00e0 e filiera a metro zero.<\/span><\/p>\n<p>[\/et_pb_text][et_pb_text _builder_version=&#8220;4.27.4&#8243; _module_preset=&#8220;default&#8220; text_font_size=&#8220;16px&#8220; custom_margin=&#8220;30px||20px||false|false&#8220; custom_margin_tablet=&#8220;30px||20px||false|false&#8220; custom_margin_phone=&#8220;30px||20px||false|false&#8220; custom_margin_last_edited=&#8220;on|phone&#8220; global_colors_info=&#8220;{}&#8220;]<\/p>\n<p class=\"_04xlpA direction-ltr align-justify para-style-body\"><span class=\"WdYUQQ\"><strong>Giulia<\/strong>: unsere K\u00e4serin und <strong>Allround-Managerin der K\u00e4serei<\/strong>, von der Produktion bis hin zu Gesundheits- und Hygieneaspekten. Sie experimentiert und innoviert jeden Tag, um etwas Neues in die Welt unseres K\u00e4ses zu bringen. <\/span><\/p>\n<p class=\"_04xlpA direction-ltr align-justify para-style-body\"><span class=\"WdYUQQ\">Zu unserem Team geh\u00f6ren auch <strong>Emiliano <\/strong>und <strong>Eleonora<\/strong>, die in vielerlei Hinsicht eine Schl\u00fcsselrolle spielen und <strong>f\u00fcr die Pflege der H\u00fchner<\/strong>; sie k\u00fcmmern sich jeden Tag mit Hingabe um sie und spielen eine wichtige Rolle im gesamten \u00d6kosystem unseres Zentrums.<br \/><span>Au\u00dferdem werden Sie bei Ihrer Ankunft von <strong>Silvia <\/strong>begr\u00fc\u00dft, die Sie mit ihrer ansteckenden Begeisterung und Fr\u00f6hlichkeit herzlich <strong>willkommen <\/strong>hei\u00dft und Ihnen alle notwendigen <strong>Informationen <\/strong>gibt, damit Ihr Urlaub unvergesslich wird.<\/span><\/span><\/p>\n<p>[\/et_pb_text][\/et_pb_column][et_pb_column type=&#8220;1_2&#8243; module_class=&#8220;gallery-chi-siamo&#8220; disabled_on=&#8220;on|on|off&#8220; _builder_version=&#8220;4.21.0&#8243; _module_preset=&#8220;default&#8220; global_colors_info=&#8220;{}&#8220;][et_pb_image src=&#8220;https:\/\/www.agrisalus.it\/wp-content\/uploads\/2023\/07\/Lorenzo-Chi-siamo-Agricampeggio-Agrisalus.webp&#8220; alt=&#8220;Lorenzo &#8211; \u00dcber uns &#8211; Agri-Campingplatz Agrisalus&#8220; title_text=&#8220;Lorenzo &#8211; \u00dcber uns &#8211; Agri-Campingplatz Agrisalus&#8220; _builder_version=&#8220;4.21.0&#8243; _module_preset=&#8220;default&#8220; z_index=&#8220;1&#8243; width=&#8220;32%&#8220; custom_margin=&#8220;||16px||false|false&#8220; custom_padding=&#8220;||0px||false|false&#8220; global_colors_info=&#8220;{}&#8220;][\/et_pb_image][et_pb_image src=&#8220;https:\/\/www.agrisalus.it\/wp-content\/uploads\/2023\/07\/Nicole-Chi-siamo-Agricampeggio-Agrisalus.webp&#8220; alt=&#8220;Nicole &#8211; \u00dcber uns &#8211; Agri-Campingplatz Agrisalus&#8220; title_text=&#8220;Nicole &#8211; \u00dcber uns &#8211; Agri-Campingplatz Agrisalus&#8220; _builder_version=&#8220;4.21.0&#8243; _module_preset=&#8220;default&#8220; z_index=&#8220;1&#8243; width=&#8220;32%&#8220; custom_margin=&#8220;||16px||false|false&#8220; custom_padding=&#8220;||0px||false|false&#8220; locked=&#8220;off&#8220; global_colors_info=&#8220;{}&#8220;][\/et_pb_image][et_pb_image src=&#8220;https:\/\/www.agrisalus.it\/wp-content\/uploads\/2023\/07\/Giulia-Chi-siamo-Agricampeggio-Agrisalus.webp&#8220; alt=&#8220;Giulia &#8211; \u00dcber uns &#8211; Agri-Campingplatz Agrisalus&#8220; title_text=&#8220;Giulia &#8211; \u00dcber uns &#8211; Agri-Campingplatz Agrisalus&#8220; _builder_version=&#8220;4.21.0&#8243; _module_preset=&#8220;default&#8220; z_index=&#8220;1&#8243; width=&#8220;32%&#8220; custom_margin=&#8220;|0px|16px|0px|false|false&#8220; custom_padding=&#8220;|0px|0px|0px|false|false&#8220; locked=&#8220;off&#8220; global_colors_info=&#8220;{}&#8220;][\/et_pb_image][et_pb_text _builder_version=&#8220;4.21.0&#8243; _module_preset=&#8220;default&#8220; z_index=&#8220;1&#8243; width=&#8220;32%&#8220; locked=&#8220;off&#8220; global_colors_info=&#8220;{}&#8220;]<\/p>\n<h3 style=\"text-align: center;\">Lorenzo<\/h3>\n<p>[\/et_pb_text][et_pb_text _builder_version=&#8220;4.21.0&#8243; _module_preset=&#8220;default&#8220; z_index=&#8220;1&#8243; width=&#8220;32%&#8220; locked=&#8220;off&#8220; global_colors_info=&#8220;{}&#8220;]<\/p>\n<h3 style=\"text-align: center;\">Nicole<\/h3>\n<p>[\/et_pb_text][et_pb_text _builder_version=&#8220;4.21.0&#8243; _module_preset=&#8220;default&#8220; z_index=&#8220;1&#8243; width=&#8220;32%&#8220; locked=&#8220;off&#8220; global_colors_info=&#8220;{}&#8220;]<\/p>\n<h3 style=\"text-align: center;\">Giulia<\/h3>\n<p>[\/et_pb_text][et_pb_image src=&#8220;https:\/\/www.agrisalus.it\/wp-content\/uploads\/2023\/07\/Emiliano-Chi-siamo-Agricampeggio-Agrisalus.webp&#8220; alt=&#8220;Emiliano &#8211; \u00dcber uns &#8211; Agri-Campingplatz Agrisalus&#8220; title_text=&#8220;Emiliano &#8211; \u00dcber uns &#8211; Agri-Campingplatz Agrisalus&#8220; _builder_version=&#8220;4.21.0&#8243; _module_preset=&#8220;default&#8220; z_index=&#8220;1&#8243; width=&#8220;32%&#8220; custom_margin=&#8220;||16px||false|false&#8220; custom_padding=&#8220;||0px||false|false&#8220; locked=&#8220;off&#8220; global_colors_info=&#8220;{}&#8220;][\/et_pb_image][et_pb_image src=&#8220;https:\/\/www.agrisalus.it\/wp-content\/uploads\/2023\/07\/Eleonora-Chi-siamo-Agricampeggio-Agrisalus.webp&#8220; alt=&#8220;Eleonora &#8211; \u00dcber uns &#8211; Agri-Campingplatz Agrisalus&#8220; title_text=&#8220;Eleonora &#8211; \u00dcber uns &#8211; Agri-Campingplatz Agrisalus&#8220; _builder_version=&#8220;4.21.0&#8243; _module_preset=&#8220;default&#8220; z_index=&#8220;1&#8243; width=&#8220;32%&#8220; custom_margin=&#8220;||16px||false|false&#8220; custom_padding=&#8220;||0px||false|false&#8220; locked=&#8220;off&#8220; global_colors_info=&#8220;{}&#8220;][\/et_pb_image][et_pb_image src=&#8220;https:\/\/www.agrisalus.it\/wp-content\/uploads\/2023\/07\/Silvia-Chi-siamo-Agricampeggio-Agrisalus.webp&#8220; alt=&#8220;Silvia &#8211; \u00dcber uns &#8211; Agri-Campingplatz Agrisalus&#8220; title_text=&#8220;Silvia &#8211; \u00dcber uns &#8211; Agri-Campingplatz Agrisalus&#8220; _builder_version=&#8220;4.21.0&#8243; _module_preset=&#8220;default&#8220; z_index=&#8220;1&#8243; width=&#8220;32%&#8220; custom_margin=&#8220;|0px|16px|0px|false|false&#8220; custom_padding=&#8220;|0px|0px|0px|false|false&#8220; locked=&#8220;off&#8220; global_colors_info=&#8220;{}&#8220;][\/et_pb_image][et_pb_text _builder_version=&#8220;4.21.0&#8243; _module_preset=&#8220;default&#8220; z_index=&#8220;1&#8243; width=&#8220;32%&#8220; locked=&#8220;off&#8220; global_colors_info=&#8220;{}&#8220;]<\/p>\n<h3 style=\"text-align: center;\">Emiliano<\/h3>\n<p>[\/et_pb_text][et_pb_text _builder_version=&#8220;4.21.0&#8243; _module_preset=&#8220;default&#8220; z_index=&#8220;1&#8243; width=&#8220;32%&#8220; locked=&#8220;off&#8220; global_colors_info=&#8220;{}&#8220;]<\/p>\n<h3 style=\"text-align: center;\">Eleonora<\/h3>\n<p>[\/et_pb_text][et_pb_text _builder_version=&#8220;4.21.0&#8243; _module_preset=&#8220;default&#8220; z_index=&#8220;1&#8243; width=&#8220;32%&#8220; locked=&#8220;off&#8220; global_colors_info=&#8220;{}&#8220;]<\/p>\n<h3 style=\"text-align: center;\">Silvia<\/h3>\n<p>[\/et_pb_text][et_pb_text _builder_version=&#8220;4.21.0&#8243; _module_preset=&#8220;default&#8220; z_index=&#8220;1&#8243; width=&#8220;32%&#8220; locked=&#8220;off&#8220; global_colors_info=&#8220;{}&#8220;][\/et_pb_text][et_pb_text _builder_version=&#8220;4.21.0&#8243; _module_preset=&#8220;default&#8220; z_index=&#8220;1&#8243; width=&#8220;32%&#8220; locked=&#8220;off&#8220; global_colors_info=&#8220;{}&#8220;][\/et_pb_text][et_pb_image src=&#8220;https:\/\/www.agrisalus.it\/wp-content\/uploads\/2023\/07\/rio-koda-team-agrisalus.webp&#8220; alt=&#8220;Rio e Koda &#8211; Team Agrisalus&#8220; title_text=&#8220;Rio e Koda &#8211; Team Agrisalus&#8220; _builder_version=&#8220;4.21.0&#8243; _module_preset=&#8220;default&#8220; z_index=&#8220;1&#8243; width=&#8220;32%&#8220; custom_margin=&#8220;|0px|16px|0px|false|false&#8220; custom_padding=&#8220;|0px|0px|0px|false|false&#8220; locked=&#8220;off&#8220; global_colors_info=&#8220;{}&#8220;][\/et_pb_image][et_pb_text _builder_version=&#8220;4.21.0&#8243; _module_preset=&#8220;default&#8220; z_index=&#8220;1&#8243; width=&#8220;32%&#8220; locked=&#8220;off&#8220; global_colors_info=&#8220;{}&#8220;][\/et_pb_text][et_pb_text _builder_version=&#8220;4.21.0&#8243; _module_preset=&#8220;default&#8220; z_index=&#8220;1&#8243; width=&#8220;32%&#8220; locked=&#8220;off&#8220; global_colors_info=&#8220;{}&#8220;]<\/p>\n<h3 style=\"text-align: center;\">Rio e Koda<\/h3>\n<p>[\/et_pb_text][\/et_pb_column][\/et_pb_row][et_pb_row column_structure=&#8220;1_5,1_5,1_5,1_5,1_5&#8243; custom_padding_last_edited=&#8220;on|phone&#8220; disabled_on=&#8220;off|off|on&#8220; _builder_version=&#8220;4.21.0&#8243; _module_preset=&#8220;default&#8220; max_width=&#8220;80%&#8220; module_alignment=&#8220;center&#8220; custom_margin=&#8220;||0px||false|false&#8220; custom_padding_tablet=&#8220;&#8220; custom_padding_phone=&#8220;||0px||false|false&#8220; global_colors_info=&#8220;{}&#8220;][et_pb_column type=&#8220;1_5&#8243; _builder_version=&#8220;4.21.0&#8243; _module_preset=&#8220;default&#8220; global_colors_info=&#8220;{}&#8220;][et_pb_image src=&#8220;https:\/\/www.agrisalus.it\/wp-content\/uploads\/2023\/07\/Lorenzo-Chi-siamo-Agricampeggio-Agrisalus.webp&#8220; alt=&#8220;Lorenzo &#8211; \u00dcber uns &#8211; Agri-Campingplatz Agrisalus&#8220; title_text=&#8220;Lorenzo &#8211; \u00dcber uns &#8211; Agri-Campingplatz Agrisalus&#8220; _builder_version=&#8220;4.21.0&#8243; _module_preset=&#8220;default&#8220; custom_margin=&#8220;||20px||false|false&#8220; custom_padding=&#8220;||||false|false&#8220; global_colors_info=&#8220;{}&#8220;][\/et_pb_image][et_pb_text _builder_version=&#8220;4.21.0&#8243; _module_preset=&#8220;default&#8220; global_colors_info=&#8220;{}&#8220;]<\/p>\n<h3 style=\"text-align: center;\">Lorenzo<\/h3>\n<p>[\/et_pb_text][\/et_pb_column][et_pb_column type=&#8220;1_5&#8243; _builder_version=&#8220;4.21.0&#8243; _module_preset=&#8220;default&#8220; global_colors_info=&#8220;{}&#8220;][et_pb_image src=&#8220;https:\/\/www.agrisalus.it\/wp-content\/uploads\/2023\/07\/Nicole-Chi-siamo-Agricampeggio-Agrisalus.webp&#8220; alt=&#8220;Nicole &#8211; \u00dcber uns &#8211; Agri-Campingplatz Agrisalus&#8220; title_text=&#8220;Nicole &#8211; \u00dcber uns &#8211; Agri-Campingplatz Agrisalus&#8220; _builder_version=&#8220;4.21.0&#8243; _module_preset=&#8220;default&#8220; custom_margin=&#8220;||20px||false|false&#8220; custom_padding=&#8220;||||false|false&#8220; global_colors_info=&#8220;{}&#8220;][\/et_pb_image][et_pb_text _builder_version=&#8220;4.21.0&#8243; _module_preset=&#8220;default&#8220; global_colors_info=&#8220;{}&#8220;]<\/p>\n<h3 style=\"text-align: center;\">Nicole<\/h3>\n<p>[\/et_pb_text][\/et_pb_column][et_pb_column type=&#8220;1_5&#8243; _builder_version=&#8220;4.21.0&#8243; _module_preset=&#8220;default&#8220; global_colors_info=&#8220;{}&#8220;][et_pb_image src=&#8220;https:\/\/www.agrisalus.it\/wp-content\/uploads\/2023\/07\/Giulia-Chi-siamo-Agricampeggio-Agrisalus.webp&#8220; title_text=&#8220;Giulia &#8211; \u00dcber uns &#8211; Agri-Campingplatz Agrisalus&#8220; _builder_version=&#8220;4.21.0&#8243; _module_preset=&#8220;default&#8220; custom_margin=&#8220;||20px||false|false&#8220; custom_padding=&#8220;||||false|false&#8220; global_colors_info=&#8220;{}&#8220;][\/et_pb_image][et_pb_text _builder_version=&#8220;4.21.0&#8243; _module_preset=&#8220;default&#8220; global_colors_info=&#8220;{}&#8220;]<\/p>\n<h3 style=\"text-align: center;\">Giulia<\/h3>\n<p>[\/et_pb_text][et_pb_image src=&#8220;https:\/\/www.agrisalus.it\/wp-content\/uploads\/2023\/07\/Eleonora-Chi-siamo-Agricampeggio-Agrisalus.webp&#8220; title_text=&#8220;Eleonora &#8211; \u00dcber uns &#8211; Agri-Campingplatz Agrisalus&#8220; _builder_version=&#8220;4.21.0&#8243; _module_preset=&#8220;default&#8220; custom_margin=&#8220;||20px||false|false&#8220; custom_padding=&#8220;||||false|false&#8220; global_colors_info=&#8220;{}&#8220;][\/et_pb_image][et_pb_text _builder_version=&#8220;4.21.0&#8243; _module_preset=&#8220;default&#8220; global_colors_info=&#8220;{}&#8220;]<\/p>\n<h3 style=\"text-align: center;\">Eleonora<\/h3>\n<p>[\/et_pb_text][\/et_pb_column][et_pb_column type=&#8220;1_5&#8243; _builder_version=&#8220;4.21.0&#8243; _module_preset=&#8220;default&#8220; global_colors_info=&#8220;{}&#8220;][et_pb_image src=&#8220;https:\/\/www.agrisalus.it\/wp-content\/uploads\/2023\/07\/Emiliano-Chi-siamo-Agricampeggio-Agrisalus.webp&#8220; alt=&#8220;Emiliano &#8211; \u00dcber uns &#8211; Agri-Campingplatz Agrisalus&#8220; title_text=&#8220;Emiliano &#8211; \u00dcber uns &#8211; Agri-Campingplatz Agrisalus&#8220; _builder_version=&#8220;4.21.0&#8243; _module_preset=&#8220;default&#8220; custom_margin=&#8220;||20px||false|false&#8220; custom_padding=&#8220;||||false|false&#8220; global_colors_info=&#8220;{}&#8220;][\/et_pb_image][et_pb_text _builder_version=&#8220;4.21.0&#8243; _module_preset=&#8220;default&#8220; global_colors_info=&#8220;{}&#8220;]<\/p>\n<h3 style=\"text-align: center;\">Emiliano<\/h3>\n<p>[\/et_pb_text][et_pb_image src=&#8220;https:\/\/www.agrisalus.it\/wp-content\/uploads\/2023\/07\/Silvia-Chi-siamo-Agricampeggio-Agrisalus.webp&#8220; alt=&#8220;Campingplatz Trentino Agrisalus mit Haustieren&#8220; title_text=&#8220;Silvia &#8211; \u00dcber uns &#8211; Agri-Campingplatz Agrisalus&#8220; _builder_version=&#8220;4.21.0&#8243; _module_preset=&#8220;default&#8220; custom_margin=&#8220;||20px||false|false&#8220; custom_padding=&#8220;||||false|false&#8220; global_colors_info=&#8220;{}&#8220;][\/et_pb_image][et_pb_text _builder_version=&#8220;4.21.0&#8243; _module_preset=&#8220;default&#8220; global_colors_info=&#8220;{}&#8220;]<\/p>\n<h3 style=\"text-align: center;\">Silvia<\/h3>\n<p>[\/et_pb_text][et_pb_image src=&#8220;https:\/\/www.agrisalus.it\/wp-content\/uploads\/2023\/07\/rio-koda-team-agrisalus.webp&#8220; alt=&#8220;Rio e Koda &#8211; Team Agrisalus&#8220; title_text=&#8220;Rio e Koda &#8211; Team Agrisalus&#8220; _builder_version=&#8220;4.21.0&#8243; _module_preset=&#8220;default&#8220; custom_margin=&#8220;||20px||false|false&#8220; custom_padding=&#8220;||||false|false&#8220; global_colors_info=&#8220;{}&#8220;][\/et_pb_image][et_pb_text _builder_version=&#8220;4.21.0&#8243; _module_preset=&#8220;default&#8220; global_colors_info=&#8220;{}&#8220;]<\/p>\n<h3 style=\"text-align: center;\">Rio e Koda<\/h3>\n<p>[\/et_pb_text][\/et_pb_column][et_pb_column type=&#8220;1_5&#8243; _builder_version=&#8220;4.21.0&#8243; _module_preset=&#8220;default&#8220; global_colors_info=&#8220;{}&#8220;][\/et_pb_column][\/et_pb_row][\/et_pb_section][et_pb_section fb_built=&#8220;1&#8243; custom_padding_last_edited=&#8220;on|phone&#8220; _builder_version=&#8220;4.21.0&#8243; _module_preset=&#8220;default&#8220; background_color=&#8220;#FFFBF3&#8243; custom_padding_tablet=&#8220;&#8220; custom_padding_phone=&#8220;0px||0px||false|false&#8220; locked=&#8220;off&#8220; global_colors_info=&#8220;{}&#8220;][et_pb_row custom_padding_last_edited=&#8220;on|phone&#8220; _builder_version=&#8220;4.21.0&#8243; _module_preset=&#8220;default&#8220; custom_padding=&#8220;||0px|||&#8220; custom_padding_tablet=&#8220;||0px|||&#8220; custom_padding_phone=&#8220;0px||0px||false|false&#8220; global_colors_info=&#8220;{}&#8220;][et_pb_column type=&#8220;4_4&#8243; _builder_version=&#8220;4.20.4&#8243; _module_preset=&#8220;default&#8220; global_colors_info=&#8220;{}&#8220;][et_pb_text _builder_version=&#8220;4.21.0&#8243; _module_preset=&#8220;default&#8220; header_text_align=&#8220;center&#8220; header_2_text_align=&#8220;center&#8220; header_3_font=&#8220;|600||on|||||&#8220; custom_margin=&#8220;20px||20px||false|false&#8220; header_2_text_align_tablet=&#8220;center&#8220; header_2_text_align_phone=&#8220;left&#8220; header_2_text_align_last_edited=&#8220;on|phone&#8220; header_2_line_height_tablet=&#8220;&#8220; header_2_line_height_phone=&#8220;1.4em&#8220; header_2_line_height_last_edited=&#8220;on|phone&#8220; global_colors_info=&#8220;{}&#8220;]<\/p>\n<h2>Das Erlebnis eines Agri-Campingplatzes am Gardasee<\/h2>\n<p>[\/et_pb_text][et_pb_text _builder_version=&#8220;4.21.0&#8243; _module_preset=&#8220;default&#8220; text_font_size=&#8220;16px&#8220; text_orientation=&#8220;center&#8220; custom_margin=&#8220;20px||20px||false|false&#8220; custom_padding=&#8220;|6em||6em|false|true&#8220; custom_padding_tablet=&#8220;|3em||3em|false|true&#8220; custom_padding_phone=&#8220;|0em||0em|false|true&#8220; custom_padding_last_edited=&#8220;on|phone&#8220; text_orientation_tablet=&#8220;center&#8220; text_orientation_phone=&#8220;left&#8220; text_orientation_last_edited=&#8220;on|desktop&#8220; global_colors_info=&#8220;{}&#8220;]<\/p>\n<p>Auf unserem Agri-Campingplatz, der nur einen Steinwurf vom sch\u00f6nen <strong>Gardasee<\/strong>, einem der beliebtesten Reiseziele Norditaliens, entfernt liegt, k\u00f6nnen unsere G\u00e4ste die <strong>Produkte unserer K\u00e4serei<\/strong> genie\u00dfen. Die Umgebung bietet jeden Tag einzigartige M\u00f6glichkeiten f\u00fcr unvergessliche Erlebnisse: eine Bootsfahrt, eine Radtour oder auch ein entspannter Nachmittag in unserem Pool. Tauchen Sie ein in eine <strong>Oase der Entspannung<\/strong>, der unverf\u00e4lschten K\u00fcche und der Authentizit\u00e4t unseres Bauernhofs.  <\/p>\n<p>[\/et_pb_text][\/et_pb_column][\/et_pb_row][et_pb_row custom_padding_last_edited=&#8220;on|tablet&#8220; disabled_on=&#8220;off|off|on&#8220; module_class=&#8220;container-btn-fit&#8220; _builder_version=&#8220;4.21.0&#8243; _module_preset=&#8220;default&#8220; custom_padding_tablet=&#8220;&#8220; custom_padding_phone=&#8220;||40px||false|false&#8220; module_alignment_tablet=&#8220;&#8220; module_alignment_phone=&#8220;left&#8220; module_alignment_last_edited=&#8220;on|phone&#8220; global_colors_info=&#8220;{}&#8220;][et_pb_column type=&#8220;4_4&#8243; _builder_version=&#8220;4.21.0&#8243; _module_preset=&#8220;default&#8220; global_colors_info=&#8220;{}&#8220;][et_pb_button button_url=&#8220;@ET-DC@eyJkeW5hbWljIjp0cnVlLCJjb250ZW50IjoicG9zdF9saW5rX3VybF9wYWdlIiwic2V0dGluZ3MiOnsicG9zdF9pZCI6IjIzOTQ0OTUzIn19@&#8220; button_text=&#8220;Kontakte&#8220; button_alignment=&#8220;center&#8220; button_alignment_tablet=&#8220;center&#8220; button_alignment_phone=&#8220;center&#8220; button_alignment_last_edited=&#8220;on|phone&#8220; module_class=&#8220;btn-fit&#8220; _builder_version=&#8220;4.21.0&#8243; _dynamic_attributes=&#8220;button_url&#8220; _module_preset=&#8220;default&#8220; custom_button=&#8220;on&#8220; button_text_color=&#8220;#FFFBF3&#8243; button_bg_color=&#8220;#7b9b69&#8243; custom_margin=&#8220;||1em||false|false&#8220; locked=&#8220;off&#8220; global_colors_info=&#8220;{}&#8220;][\/et_pb_button][et_pb_button button_url=&#8220;https:\/\/www.secure-reservation.cloud\/booking-engine\/?portal=agrisalus-arco&amp;lang=it&amp;fromDate=2023-07-24&amp;toDate=2023-07-27&amp;sr=0&amp;rooms=A,A&#8220; url_new_window=&#8220;on&#8220; button_text=&#8220;Buchen&#8220; button_alignment=&#8220;center&#8220; module_class=&#8220;btn-fit&#8220; _builder_version=&#8220;4.21.0&#8243; _module_preset=&#8220;default&#8220; custom_button=&#8220;on&#8220; button_text_color=&#8220;#FFFBF3&#8243; button_bg_color=&#8220;#7b9b69&#8243; custom_margin=&#8220;||1em||false|false&#8220; locked=&#8220;off&#8220; global_colors_info=&#8220;{}&#8220;][\/et_pb_button][\/et_pb_column][\/et_pb_row][et_pb_row column_structure=&#8220;1_2,1_2&#8243; disabled_on=&#8220;on|on|off&#8220; _builder_version=&#8220;4.21.0&#8243; _module_preset=&#8220;default&#8220; custom_padding=&#8220;5px|||||&#8220; global_colors_info=&#8220;{}&#8220;][et_pb_column type=&#8220;1_2&#8243; _builder_version=&#8220;4.20.4&#8243; _module_preset=&#8220;default&#8220; global_colors_info=&#8220;{}&#8220;][et_pb_button button_url=&#8220;@ET-DC@eyJkeW5hbWljIjp0cnVlLCJjb250ZW50IjoicG9zdF9saW5rX3VybF9wYWdlIiwic2V0dGluZ3MiOnsicG9zdF9pZCI6IjIzOTQ0OTUzIn19@&#8220; button_text=&#8220;Kontakte&#8220; button_alignment=&#8220;right&#8220; button_alignment_tablet=&#8220;right&#8220; button_alignment_phone=&#8220;right&#8220; button_alignment_last_edited=&#8220;on|phone&#8220; _builder_version=&#8220;4.21.0&#8243; _dynamic_attributes=&#8220;button_url&#8220; _module_preset=&#8220;default&#8220; custom_button=&#8220;on&#8220; button_text_color=&#8220;#FFFBF3&#8243; button_bg_color=&#8220;#7b9b69&#8243; custom_margin=&#8220;||1em||false|false&#8220; global_colors_info=&#8220;{}&#8220;][\/et_pb_button][\/et_pb_column][et_pb_column type=&#8220;1_2&#8243; _builder_version=&#8220;4.20.4&#8243; _module_preset=&#8220;default&#8220; global_colors_info=&#8220;{}&#8220;][et_pb_button button_url=&#8220;https:\/\/www.secure-reservation.cloud\/booking-engine\/?portal=agrisalus-arco&amp;lang=it&amp;fromDate=2023-07-24&amp;toDate=2023-07-27&amp;sr=0&amp;rooms=A,A&#8220; url_new_window=&#8220;on&#8220; button_text=&#8220;Buchen&#8220; _builder_version=&#8220;4.21.0&#8243; _module_preset=&#8220;default&#8220; custom_button=&#8220;on&#8220; button_text_color=&#8220;#FFFBF3&#8243; button_bg_color=&#8220;#7b9b69&#8243; custom_margin=&#8220;||1em||false|false&#8220; global_colors_info=&#8220;{}&#8220;][\/et_pb_button][\/et_pb_column][\/et_pb_row][\/et_pb_section]<\/p>\n","protected":false},"excerpt":{"rendered":"<p>\u00dcber unsFFUnsere PhilosophieUnsere Idee kommt aus der Ferne: die von den Herkunftsfamilien weitergegebene Leidenschaft f\u00fcr die Tier- und Landwirtschaftswelt, die Leidenschaft f\u00fcr die Natur, ber auch der Wille, die urspr\u00fcnglichsten und einfachsten Werte wiederzugewinnen, um sie unseren G\u00e4sten mit M\u00fche und Tat weiterzugeben um ihnen ein seltenes Gef\u00fchl zu vermitteln, auch aus territorialer, gastronomischer Sicht [&hellip;]<\/p>\n","protected":false},"author":6,"featured_media":0,"parent":0,"menu_order":0,"comment_status":"closed","ping_status":"closed","template":"","meta":{"_et_pb_use_builder":"on","_et_pb_old_content":"","_et_gb_content_width":"","inline_featured_image":false,"_joinchat":[],"footnotes":""},"dipi_cpt_category":[],"class_list":["post-23946839","page","type-page","status-publish","hentry"],"yoast_head":"<!-- This site is optimized with the Yoast SEO plugin v27.4 - https:\/\/yoast.com\/product\/yoast-seo-wordpress\/ -->\n<title>\u00dcber uns - Agrisalus Arco<\/title>\n<meta name=\"description\" content=\"Entdecken Sie Agrisalus in Arco: Leidenschaft f\u00fcr die Natur, l\u00e4ndliche Traditionen und gastronomische Authentizit\u00e4t f\u00fcr ein einzigartiges Erlebnis.\" \/>\n<meta name=\"robots\" content=\"index, follow, max-snippet:-1, max-image-preview:large, max-video-preview:-1\" \/>\n<link rel=\"canonical\" href=\"https:\/\/www.agrisalus.it\/de\/uber-uns\/\" \/>\n<meta property=\"og:locale\" content=\"de_DE\" \/>\n<meta property=\"og:type\" content=\"article\" \/>\n<meta property=\"og:title\" content=\"\u00dcber uns - Agrisalus Arco\" \/>\n<meta property=\"og:description\" content=\"Entdecken Sie Agrisalus in Arco: Leidenschaft f\u00fcr die Natur, l\u00e4ndliche Traditionen und gastronomische Authentizit\u00e4t f\u00fcr ein einzigartiges Erlebnis.\" \/>\n<meta property=\"og:url\" content=\"https:\/\/www.agrisalus.it\/de\/uber-uns\/\" \/>\n<meta property=\"og:site_name\" content=\"Agrisalus - Agricampeggio Arco\" \/>\n<meta property=\"article:modified_time\" content=\"2025-05-27T08:40:25+00:00\" \/>\n<meta property=\"og:image\" content=\"https:\/\/www.agrisalus.it\/wp-content\/uploads\/2023\/07\/Logo-Agrisalus.png\" \/>\n\t<meta property=\"og:image:width\" content=\"1920\" \/>\n\t<meta property=\"og:image:height\" content=\"1920\" \/>\n\t<meta property=\"og:image:type\" content=\"image\/png\" \/>\n<meta name=\"twitter:card\" content=\"summary_large_image\" \/>\n<meta name=\"twitter:label1\" content=\"Gesch\u00e4tzte Lesezeit\" \/>\n\t<meta name=\"twitter:data1\" content=\"15\u00a0Minuten\" \/>\n<script type=\"application\/ld+json\" class=\"yoast-schema-graph\">{\"@context\":\"https:\\\/\\\/schema.org\",\"@graph\":[{\"@type\":\"WebPage\",\"@id\":\"https:\\\/\\\/www.agrisalus.it\\\/de\\\/uber-uns\\\/\",\"url\":\"https:\\\/\\\/www.agrisalus.it\\\/de\\\/uber-uns\\\/\",\"name\":\"\u00dcber uns - Agrisalus Arco\",\"isPartOf\":{\"@id\":\"https:\\\/\\\/www.agrisalus.it\\\/de\\\/#website\"},\"datePublished\":\"2023-07-26T13:51:12+00:00\",\"dateModified\":\"2025-05-27T08:40:25+00:00\",\"description\":\"Entdecken Sie Agrisalus in Arco: Leidenschaft f\u00fcr die Natur, l\u00e4ndliche Traditionen und gastronomische Authentizit\u00e4t f\u00fcr ein einzigartiges Erlebnis.\",\"breadcrumb\":{\"@id\":\"https:\\\/\\\/www.agrisalus.it\\\/de\\\/uber-uns\\\/#breadcrumb\"},\"inLanguage\":\"de\",\"potentialAction\":[{\"@type\":\"ReadAction\",\"target\":[\"https:\\\/\\\/www.agrisalus.it\\\/de\\\/uber-uns\\\/\"]}]},{\"@type\":\"BreadcrumbList\",\"@id\":\"https:\\\/\\\/www.agrisalus.it\\\/de\\\/uber-uns\\\/#breadcrumb\",\"itemListElement\":[{\"@type\":\"ListItem\",\"position\":1,\"name\":\"Home\",\"item\":\"https:\\\/\\\/www.agrisalus.it\\\/de\\\/home\\\/\"},{\"@type\":\"ListItem\",\"position\":2,\"name\":\"\u00dcber uns\"}]},{\"@type\":\"WebSite\",\"@id\":\"https:\\\/\\\/www.agrisalus.it\\\/de\\\/#website\",\"url\":\"https:\\\/\\\/www.agrisalus.it\\\/de\\\/\",\"name\":\"Agrisalus - Agricampeggio Arco\",\"description\":\"Agricampeggio - Arco Trentino\",\"potentialAction\":[{\"@type\":\"SearchAction\",\"target\":{\"@type\":\"EntryPoint\",\"urlTemplate\":\"https:\\\/\\\/www.agrisalus.it\\\/de\\\/?s={search_term_string}\"},\"query-input\":{\"@type\":\"PropertyValueSpecification\",\"valueRequired\":true,\"valueName\":\"search_term_string\"}}],\"inLanguage\":\"de\"}]}<\/script>\n<!-- \/ Yoast SEO plugin. -->","yoast_head_json":{"title":"\u00dcber uns - Agrisalus Arco","description":"Entdecken Sie Agrisalus in Arco: Leidenschaft f\u00fcr die Natur, l\u00e4ndliche Traditionen und gastronomische Authentizit\u00e4t f\u00fcr ein einzigartiges Erlebnis.","robots":{"index":"index","follow":"follow","max-snippet":"max-snippet:-1","max-image-preview":"max-image-preview:large","max-video-preview":"max-video-preview:-1"},"canonical":"https:\/\/www.agrisalus.it\/de\/uber-uns\/","og_locale":"de_DE","og_type":"article","og_title":"\u00dcber uns - Agrisalus Arco","og_description":"Entdecken Sie Agrisalus in Arco: Leidenschaft f\u00fcr die Natur, l\u00e4ndliche Traditionen und gastronomische Authentizit\u00e4t f\u00fcr ein einzigartiges Erlebnis.","og_url":"https:\/\/www.agrisalus.it\/de\/uber-uns\/","og_site_name":"Agrisalus - Agricampeggio Arco","article_modified_time":"2025-05-27T08:40:25+00:00","og_image":[{"width":1920,"height":1920,"url":"https:\/\/www.agrisalus.it\/wp-content\/uploads\/2023\/07\/Logo-Agrisalus.png","type":"image\/png"}],"twitter_card":"summary_large_image","twitter_misc":{"Gesch\u00e4tzte Lesezeit":"15\u00a0Minuten"},"schema":{"@context":"https:\/\/schema.org","@graph":[{"@type":"WebPage","@id":"https:\/\/www.agrisalus.it\/de\/uber-uns\/","url":"https:\/\/www.agrisalus.it\/de\/uber-uns\/","name":"\u00dcber uns - Agrisalus Arco","isPartOf":{"@id":"https:\/\/www.agrisalus.it\/de\/#website"},"datePublished":"2023-07-26T13:51:12+00:00","dateModified":"2025-05-27T08:40:25+00:00","description":"Entdecken Sie Agrisalus in Arco: Leidenschaft f\u00fcr die Natur, l\u00e4ndliche Traditionen und gastronomische Authentizit\u00e4t f\u00fcr ein einzigartiges Erlebnis.","breadcrumb":{"@id":"https:\/\/www.agrisalus.it\/de\/uber-uns\/#breadcrumb"},"inLanguage":"de","potentialAction":[{"@type":"ReadAction","target":["https:\/\/www.agrisalus.it\/de\/uber-uns\/"]}]},{"@type":"BreadcrumbList","@id":"https:\/\/www.agrisalus.it\/de\/uber-uns\/#breadcrumb","itemListElement":[{"@type":"ListItem","position":1,"name":"Home","item":"https:\/\/www.agrisalus.it\/de\/home\/"},{"@type":"ListItem","position":2,"name":"\u00dcber uns"}]},{"@type":"WebSite","@id":"https:\/\/www.agrisalus.it\/de\/#website","url":"https:\/\/www.agrisalus.it\/de\/","name":"Agrisalus - Agricampeggio Arco","description":"Agricampeggio - Arco Trentino","potentialAction":[{"@type":"SearchAction","target":{"@type":"EntryPoint","urlTemplate":"https:\/\/www.agrisalus.it\/de\/?s={search_term_string}"},"query-input":{"@type":"PropertyValueSpecification","valueRequired":true,"valueName":"search_term_string"}}],"inLanguage":"de"}]}},"_links":{"self":[{"href":"https:\/\/www.agrisalus.it\/de\/wp-json\/wp\/v2\/pages\/23946839","targetHints":{"allow":["GET"]}}],"collection":[{"href":"https:\/\/www.agrisalus.it\/de\/wp-json\/wp\/v2\/pages"}],"about":[{"href":"https:\/\/www.agrisalus.it\/de\/wp-json\/wp\/v2\/types\/page"}],"author":[{"embeddable":true,"href":"https:\/\/www.agrisalus.it\/de\/wp-json\/wp\/v2\/users\/6"}],"replies":[{"embeddable":true,"href":"https:\/\/www.agrisalus.it\/de\/wp-json\/wp\/v2\/comments?post=23946839"}],"version-history":[{"count":9,"href":"https:\/\/www.agrisalus.it\/de\/wp-json\/wp\/v2\/pages\/23946839\/revisions"}],"predecessor-version":[{"id":23948036,"href":"https:\/\/www.agrisalus.it\/de\/wp-json\/wp\/v2\/pages\/23946839\/revisions\/23948036"}],"wp:attachment":[{"href":"https:\/\/www.agrisalus.it\/de\/wp-json\/wp\/v2\/media?parent=23946839"}],"wp:term":[{"taxonomy":"dipi_cpt_category","embeddable":true,"href":"https:\/\/www.agrisalus.it\/de\/wp-json\/wp\/v2\/dipi_cpt_category?post=23946839"}],"curies":[{"name":"wp","href":"https:\/\/api.w.org\/{rel}","templated":true}]}}