{"id":23948260,"date":"2025-11-27T13:39:48","date_gmt":"2025-11-27T12:39:48","guid":{"rendered":"https:\/\/www.agrisalus.it\/olivenoel\/"},"modified":"2026-03-05T17:13:33","modified_gmt":"2026-03-05T16:13:33","slug":"olivenoel","status":"publish","type":"page","link":"https:\/\/www.agrisalus.it\/de\/olivenoel\/","title":{"rendered":"Oliven\u00f6l"},"content":{"rendered":"<p>[et_pb_section fb_built=&#8220;1&#8243; custom_padding_last_edited=&#8220;on|phone&#8220; _builder_version=&#8220;4.27.5&#8243; _module_preset=&#8220;default&#8220; background_enable_color=&#8220;off&#8220; background_image=&#8220;https:\/\/www.agrisalus.it\/wp-content\/uploads\/2025\/12\/Prova-olio-del-trentino-agrisalus.webp&#8220; parallax=&#8220;on&#8220; custom_padding=&#8220;23em||23em||true|false&#8220; custom_padding_tablet=&#8220;15em||15em||true|false&#8220; custom_padding_phone=&#8220;12em||12em||true|false&#8220; global_colors_info=&#8220;{}&#8220;][et_pb_row _builder_version=&#8220;4.20.4&#8243; _module_preset=&#8220;default&#8220; global_colors_info=&#8220;{}&#8220;][et_pb_column type=&#8220;4_4&#8243; _builder_version=&#8220;4.20.4&#8243; _module_preset=&#8220;default&#8220; global_colors_info=&#8220;{}&#8220;][et_pb_text _builder_version=&#8220;4.27.5&#8243; _module_preset=&#8220;default&#8220; text_font=&#8220;another-shabby||||||||&#8220; text_text_color=&#8220;#FFF2E1&#8243; text_font_size=&#8220;24px&#8220; header_text_align=&#8220;center&#8220; header_text_color=&#8220;#FFF2E1&#8243; header_font_size=&#8220;58px&#8220; header_3_font=&#8220;|600||on|||||&#8220; text_orientation=&#8220;center&#8220; text_font_size_tablet=&#8220;20px&#8220; text_font_size_phone=&#8220;18px&#8220; text_font_size_last_edited=&#8220;on|phone&#8220; header_font_size_tablet=&#8220;58px&#8220; header_font_size_phone=&#8220;52px&#8220; header_font_size_last_edited=&#8220;on|phone&#8220; text_text_shadow_style=&#8220;preset2&#8243; text_text_shadow_horizontal_length=&#8220;0em&#8220; text_text_shadow_blur_strength=&#8220;1.11em&#8220; text_text_shadow_color=&#8220;#1C1C1C&#8220; header_text_shadow_style=&#8220;preset2&#8243; header_text_shadow_horizontal_length=&#8220;0em&#8220; header_text_shadow_blur_strength=&#8220;0.96em&#8220; header_text_shadow_color=&#8220;#1C1C1C&#8220; global_colors_info=&#8220;{}&#8220;]<\/p>\n<h1>Agrisalus Oliven\u00f6l<\/h1>\n<p>[\/et_pb_text][et_pb_text _builder_version=&#8220;4.21.0&#8243; _module_preset=&#8220;default&#8220; text_text_color=&#8220;#FFFBF3&#8243; text_font_size=&#8220;1px&#8220; text_line_height=&#8220;1em&#8220; text_orientation=&#8220;center&#8220; locked=&#8220;off&#8220; global_colors_info=&#8220;{}&#8220;]<a style=\"color:#ffffff00\" href=\"https:\/\/www.facebook.com\/p\/AgriSalus-100076198607214\/\">F<\/a>[\/et_pb_text][\/et_pb_column][\/et_pb_row][\/et_pb_section][et_pb_section fb_built=&#8220;1&#8243; custom_padding_last_edited=&#8220;on|phone&#8220; _builder_version=&#8220;4.21.0&#8243; _module_preset=&#8220;default&#8220; background_color=&#8220;#FFFBF3&#8243; custom_padding=&#8220;8em||8em||true|false&#8220; custom_padding_tablet=&#8220;8em||8em||true|false&#8220; custom_padding_phone=&#8220;4em||4em||true|false&#8220; global_colors_info=&#8220;{}&#8220;][et_pb_row custom_padding_last_edited=&#8220;off|desktop&#8220; _builder_version=&#8220;4.22.2&#8243; _module_preset=&#8220;default&#8220; width_tablet=&#8220;100%&#8220; width_phone=&#8220;100%&#8220; width_last_edited=&#8220;off|desktop&#8220; max_width=&#8220;80%&#8220; custom_padding_tablet=&#8220;0px|0em|0px|0em|false|true&#8220; custom_padding_phone=&#8220;0px|0em|0px|0em|false|true&#8220; locked=&#8220;off&#8220; global_colors_info=&#8220;{}&#8220;][et_pb_column type=&#8220;4_4&#8243; _builder_version=&#8220;4.21.0&#8243; _module_preset=&#8220;default&#8220; custom_padding=&#8220;|3em|||false|false&#8220; custom_padding_tablet=&#8220;|1em|||false|false&#8220; custom_padding_phone=&#8220;|1em|||false|false&#8220; custom_padding_last_edited=&#8220;on|tablet&#8220; global_colors_info=&#8220;{}&#8220;][et_pb_text _builder_version=&#8220;4.27.5&#8243; _module_preset=&#8220;default&#8220; text_font=&#8220;||||||||&#8220; text_text_color=&#8220;#5D5149&#8243; text_font_size=&#8220;18px&#8220; header_text_align=&#8220;center&#8220; header_2_font=&#8220;&#8211;et_global_heading_font||||||||&#8220; header_2_text_align=&#8220;center&#8220; header_2_text_color=&#8220;#322B25&#8243; header_3_font=&#8220;|600||on|||||&#8220; text_orientation=&#8220;center&#8220; custom_margin=&#8220;0px||12px||false|false&#8220; header_2_text_align_tablet=&#8220;center&#8220; header_2_text_align_phone=&#8220;left&#8220; header_2_text_align_last_edited=&#8220;on|phone&#8220; text_orientation_tablet=&#8220;center&#8220; text_orientation_phone=&#8220;left&#8220; text_orientation_last_edited=&#8220;on|phone&#8220; global_colors_info=&#8220;{}&#8220;]<\/p>\n<h2>Transparenz und Leidenschaft<\/h2>\n<p><strong>Der Wert \u00fcber das Etikett hinaus<\/strong><\/p>\n<p>[\/et_pb_text][et_pb_text content_tablet=&#8220;<\/p>\n<p class=%22_04xlpA direction-ltr align-justify para-style-body%22><span class=%22S1PPyQ%22>Der Lehrbauernhof von Agrisalus wurde geschaffen, um Kinder und Erwachsene der Welt der Tiere und der Natur n\u00e4herzubringen. W\u00e4hrend des Besuchs k\u00f6nnen Sie unsere Tiere kennenlernen und an didaktischen Workshops zur Milchverarbeitung sowie an anderen typischen Aktivit\u00e4ten des Bauernhofs teilnehmen.<br \/>Indem Sie dem didaktischen Rundgang zwischen Stall und Gem\u00fcsegarten folgen, entdecken Sie die t\u00e4gliche Arbeit des Hofes, lernen den Wert des Respekts gegen\u00fcber Tieren kennen und verstehen besser die Herkunft unserer nat\u00fcrlichen Produkte.<br \/>Am Ende des Besuchs haben Sie die M\u00f6glichkeit, die Produkte zu verkosten, die aus der t\u00e4glichen Arbeit von Agrisalus entstehen.<\/span><\/p>\n<p>&#8220; content_phone=&#8220;<\/p>\n<p class=%22_04xlpA direction-ltr align-justify para-style-body%22><span class=%22S1PPyQ%22>Der Lehrbauernhof von Agrisalus wurde geschaffen, um Kinder und Erwachsene der Welt der Tiere und der Natur n\u00e4herzubringen. W\u00e4hrend des Besuchs k\u00f6nnen Sie unsere Tiere kennenlernen und an didaktischen Workshops zur Milchverarbeitung sowie an anderen typischen Aktivit\u00e4ten des Bauernhofs teilnehmen.<br \/>Indem Sie dem didaktischen Rundgang zwischen Stall und Gem\u00fcsegarten folgen, entdecken Sie die t\u00e4gliche Arbeit des Hofes, lernen den Wert des Respekts gegen\u00fcber Tieren kennen und verstehen besser die Herkunft unserer nat\u00fcrlichen Produkte.<br \/>Am Ende des Besuchs haben Sie die M\u00f6glichkeit, die Produkte zu verkosten, die aus der t\u00e4glichen Arbeit von Agrisalus entstehen.<\/span><\/p>\n<p>&#8220; content_last_edited=&#8220;off|desktop&#8220; _builder_version=&#8220;4.27.5&#8243; _module_preset=&#8220;default&#8220; text_font_size=&#8220;16px&#8220; text_orientation=&#8220;center&#8220; width=&#8220;45%&#8220; width_tablet=&#8220;100%&#8220; width_phone=&#8220;100%&#8220; width_last_edited=&#8220;on|desktop&#8220; max_width=&#8220;100%&#8220; max_width_tablet=&#8220;100%&#8220; max_width_phone=&#8220;100%&#8220; max_width_last_edited=&#8220;on|tablet&#8220; module_alignment=&#8220;center&#8220; custom_margin=&#8220;0px||20px||false|false&#8220; custom_padding=&#8220;|0em||0em|false|true&#8220; custom_padding_tablet=&#8220;|2em||2em|false|true&#8220; custom_padding_phone=&#8220;|0em||0em|false|true&#8220; custom_padding_last_edited=&#8220;on|tablet&#8220; hover_enabled=&#8220;0&#8243; text_orientation_tablet=&#8220;center&#8220; text_orientation_phone=&#8220;left&#8220; text_orientation_last_edited=&#8220;on|phone&#8220; global_colors_info=&#8220;{}&#8220; sticky_enabled=&#8220;0&#8243;]<\/p>\n<p class=\"_04xlpA direction-ltr align-justify para-style-body\">Unsere Wurzeln liegen in der beeindruckenden Landschaft des Gardasees. Unser Ziel ist klar: ein natives Oliven\u00f6l extra zu schaffen, das konstant charakterstark, komplex und perfekt ausgewogen ist.<br \/>Um diese messbare Qualit\u00e4t in jeder Flasche zu garantieren, haben wir uns entschieden, die Eleganz des Nordens mit der F\u00fclle des S\u00fcdens zu vereinen \u2013 geleitet von unserer Erfahrung und Integrit\u00e4t. <\/p>\n<p>[\/et_pb_text][et_pb_button button_url=&#8220;@ET-DC@eyJkeW5hbWljIjp0cnVlLCJjb250ZW50IjoicG9zdF9saW5rX3VybF9wYWdlIiwic2V0dGluZ3MiOnsicG9zdF9pZCI6IjIzOTQ0OTUzIiwiZW5hYmxlX2h0bWwiOiJvZmYifX0=@&#8220; button_text=&#8220;Anfragen&#8220; button_alignment=&#8220;center&#8220; button_alignment_tablet=&#8220;center&#8220; button_alignment_phone=&#8220;left&#8220; button_alignment_last_edited=&#8220;on|phone&#8220; _builder_version=&#8220;4.27.5&#8243; _dynamic_attributes=&#8220;button_url&#8220; _module_preset=&#8220;default&#8220; custom_button=&#8220;on&#8220; button_text_color=&#8220;#FFFBF3&#8243; button_bg_color=&#8220;#7b9b69&#8243; custom_margin=&#8220;||1em||false|false&#8220; locked=&#8220;off&#8220; global_colors_info=&#8220;{}&#8220;][\/et_pb_button][\/et_pb_column][\/et_pb_row][\/et_pb_section][et_pb_section fb_built=&#8220;1&#8243; disabled_on=&#8220;off|off|off&#8220; admin_label=&#8220;Colazioni e Picnic&#8220; module_class=&#8220;f-w-section-r&#8220; _builder_version=&#8220;4.21.0&#8243; _module_preset=&#8220;default&#8220; width=&#8220;100%&#8220; max_width=&#8220;100%&#8220; custom_padding=&#8220;0px||0px|||&#8220; locked=&#8220;off&#8220; collapsed=&#8220;off&#8220; global_colors_info=&#8220;{}&#8220;][et_pb_row column_structure=&#8220;1_2,1_2&#8243; make_equal=&#8220;on&#8220; custom_padding_last_edited=&#8220;on|desktop&#8220; disabled_on=&#8220;off|off|off&#8220; _builder_version=&#8220;4.21.0&#8243; _module_preset=&#8220;default&#8220; background_color=&#8220;#FFFBF3&#8243; width=&#8220;100%&#8220; max_width=&#8220;100%&#8220; module_alignment=&#8220;left&#8220; custom_margin=&#8220;auto|0px||0px|false|false&#8220; custom_padding=&#8220;0px||0px|||&#8220; custom_padding_tablet=&#8220;0px||0px|||&#8220; custom_padding_phone=&#8220;0px||0px|||&#8220; global_colors_info=&#8220;{}&#8220;][et_pb_column type=&#8220;1_2&#8243; _builder_version=&#8220;4.21.0&#8243; _module_preset=&#8220;default&#8220; custom_padding=&#8220;|0em|0em|0em|false|false&#8220; custom_padding_tablet=&#8220;|0em|0em|0em|false|false&#8220; custom_padding_phone=&#8220;|0em||0em|false|false&#8220; custom_padding_last_edited=&#8220;on|desktop&#8220; global_colors_info=&#8220;{}&#8220;][et_pb_image src=&#8220;https:\/\/www.agrisalus.it\/wp-content\/uploads\/2025\/12\/Olio-a-Riva-del-garda-agrisalus.webp&#8220; alt=&#8220;Agrisalus Oliven\u00f6l &#8211; Riva del garda&#8220; title_text=&#8220;Agrisalus Oliven\u00f6l &#8211; Riva del garda&#8220; _builder_version=&#8220;4.27.5&#8243; _module_preset=&#8220;default&#8220; width=&#8220;100%&#8220; max_width=&#8220;100%&#8220; custom_margin=&#8220;|0px||0px|false|false&#8220; custom_padding=&#8220;|||0px||&#8220; global_colors_info=&#8220;{}&#8220;][\/et_pb_image][\/et_pb_column][et_pb_column type=&#8220;1_2&#8243; module_class=&#8220;center-column&#8220; _builder_version=&#8220;4.21.0&#8243; _module_preset=&#8220;default&#8220; custom_padding=&#8220;|13em||8em|false|false&#8220; custom_padding_tablet=&#8220;4em|6em|4em|6em|false|false&#8220; custom_padding_phone=&#8220;|3em|4em|3em|false|true&#8220; custom_padding_last_edited=&#8220;on|phone&#8220; global_colors_info=&#8220;{}&#8220; custom_padding__hover_enabled=&#8220;off|desktop&#8220;][et_pb_text _builder_version=&#8220;4.27.5&#8243; _module_preset=&#8220;default&#8220; header_text_align=&#8220;center&#8220; header_3_font=&#8220;|600||on|||||&#8220; custom_margin=&#8220;10px||0px||false|false&#8220; header_2_line_height_tablet=&#8220;&#8220; header_2_line_height_phone=&#8220;1.4em&#8220; header_2_line_height_last_edited=&#8220;on|phone&#8220; locked=&#8220;off&#8220; global_colors_info=&#8220;{}&#8220;]<\/p>\n<h2 style=\"text-align: left;\">Zwei Regionen, eine sorgf\u00e4ltig entwickelte Mischung<\/h2>\n<p>[\/et_pb_text][et_pb_text ul_item_indent=&#8220;34px&#8220; _builder_version=&#8220;4.27.5&#8243; _module_preset=&#8220;default&#8220; text_font_size=&#8220;16px&#8220; text_line_height=&#8220;1.6em&#8220; ul_text_align=&#8220;left&#8220; custom_margin=&#8220;10px||20px||false|false&#8220; hover_enabled=&#8220;0&#8243; locked=&#8220;off&#8220; global_colors_info=&#8220;{}&#8220; sticky_enabled=&#8220;0&#8243;]<\/p>\n<p>Unser <em>Oliven\u00f6l <\/em>ist eine einzigartige Mischung, die aus der Verbindung zweier gro\u00dfer Olivenanbau-Traditionen entsteht, die beide mit gr\u00f6\u00dfter Sorgfalt und direkter Kontrolle bewirtschaftet werden:<\/p>\n<ul>\n<li><strong>Die Garda-Noten (Trentino)<\/strong>:<br \/>Aus unseren B\u00f6den gewinnen wir die leichten und feinen Aromen, die der Mischung ihre nat\u00fcrliche Eleganz und Frische verleihen \u2013 typisch f\u00fcr unsere Region.<\/li>\n<li><strong>Das Herz des Charakters in Apulien<\/strong>:<br \/>F\u00fcr Struktur und aromatische Intensit\u00e4t bewirtschaften wir unsere Olivenhaine in Apulien direkt selbst. In diesem traditionsreichen Gebiet arbeiten wir mit unserem eigenen Team und unseren eigenen Mitteln und garantieren die Einhaltung unserer strengen landwirtschaftlichen Praktiken. <\/li>\n<\/ul>\n<ol><\/ol>\n<p>In Apulien haben wir eine besondere und seltene<strong> Zusammenarbeit mit der international mehrfach ausgezeichneten<\/strong> <strong>\u00d6lm\u00fchle Frantoio Intini<\/strong> aufgebaut. Diese <em>Partnerschaft <\/em>geht weit \u00fcber die reine Verarbeitung hinaus: Sie ist ein Austausch von <strong>Unterst\u00fctzung und technischem <\/strong>Wissen \u00fcber lokale apulische <em>Olivensorten<\/em>. Diese Synergie erm\u00f6glicht es uns, die organoleptische Qualit\u00e4t der verwendeten Sorten zu maximieren.  <\/p>\n<p>[\/et_pb_text][\/et_pb_column][\/et_pb_row][\/et_pb_section][et_pb_section fb_built=&#8220;1&#8243; disabled_on=&#8220;off|off|off&#8220; admin_label=&#8220;Eventi e Aperitivi&#8220; module_class=&#8220;f-w-section&#8220; _builder_version=&#8220;4.21.0&#8243; _module_preset=&#8220;default&#8220; width=&#8220;100%&#8220; max_width=&#8220;100%&#8220; custom_padding=&#8220;0px||0px|||&#8220; locked=&#8220;off&#8220; collapsed=&#8220;off&#8220; global_colors_info=&#8220;{}&#8220;][et_pb_row column_structure=&#8220;1_2,1_2&#8243; make_equal=&#8220;on&#8220; custom_padding_last_edited=&#8220;on|phone&#8220; disabled_on=&#8220;off|off|off&#8220; _builder_version=&#8220;4.27.5&#8243; _module_preset=&#8220;default&#8220; background_color=&#8220;#FFFBF3&#8243; width=&#8220;100%&#8220; max_width=&#8220;100%&#8220; module_alignment=&#8220;left&#8220; custom_margin=&#8220;auto|0px|0px|0px|false|false&#8220; custom_padding=&#8220;0px||0px||false|false&#8220; custom_padding_tablet=&#8220;0px||0px||false|false&#8220; custom_padding_phone=&#8220;0px||0px||false|false&#8220; collapsed=&#8220;off&#8220; global_colors_info=&#8220;{}&#8220;][et_pb_column type=&#8220;1_2&#8243; module_class=&#8220;center-column&#8220; _builder_version=&#8220;4.21.0&#8243; _module_preset=&#8220;default&#8220; custom_padding=&#8220;|8em||13em|false|false&#8220; custom_padding_tablet=&#8220;|6em|2em|6em|false|false&#8220; custom_padding_phone=&#8220;|3em|3em|3em|false|true&#8220; custom_padding_last_edited=&#8220;on|phone&#8220; global_colors_info=&#8220;{}&#8220; custom_padding__hover_enabled=&#8220;off|desktop&#8220;][et_pb_text _builder_version=&#8220;4.27.5&#8243; _module_preset=&#8220;default&#8220; header_text_align=&#8220;center&#8220; header_3_font=&#8220;|600||on|||||&#8220; custom_margin=&#8220;0px||0px||false|false&#8220; header_2_line_height_tablet=&#8220;&#8220; header_2_line_height_phone=&#8220;1.4em&#8220; header_2_line_height_last_edited=&#8220;on|phone&#8220; locked=&#8220;off&#8220; global_colors_info=&#8220;{}&#8220;]<\/p>\n<h2 style=\"text-align: left;\">Messbare Exzellenz: Unsere technischen Daten<\/h2>\n<p>[\/et_pb_text][et_pb_text _builder_version=&#8220;4.27.5&#8243; _module_preset=&#8220;default&#8220; text_font_size=&#8220;16px&#8220; text_line_height=&#8220;1.6em&#8220; custom_margin=&#8220;10px||20px||false|false&#8220; hover_enabled=&#8220;0&#8243; locked=&#8220;off&#8220; global_colors_info=&#8220;{}&#8220; sticky_enabled=&#8220;0&#8243;]<\/p>\n<p>Das Ergebnis dieser kontrollierten Produktionskette ist ein Oliven\u00f6l von h\u00f6chster Qualit\u00e4t, dessen Werte deutlich \u00fcber den gesetzlichen Standards liegen:<\/p>\n<div style=\"width: 100%; overflow-x: auto;\">\n<table>\n<thead style=\"background-color: #fff;\">\n<tr>\n<td><strong>Ma\u00dfstab f\u00fcr Exzellenz<\/strong><\/td>\n<td><strong>Unsere Werte<\/strong><\/td>\n<td><strong>Rechtsnorm<\/strong><\/td>\n<\/tr>\n<\/thead>\n<tbody>\n<tr>\n<td><strong>Gesamtpolyphenole<\/strong><\/td>\n<td><strong>540 mg\/kg<\/strong><\/td>\n<td>(hohes Niveau: <em>&gt;250 mg\/kg<\/em>)<\/td>\n<\/tr>\n<tr>\n<td><strong>S\u00e4ure<\/strong><\/td>\n<td><strong>0,2 %<\/strong><\/td>\n<td>(gesetzliches H\u00f6chstma\u00df: <em>0,8%<\/em>)<\/td>\n<\/tr>\n<tr>\n<td><strong>Perossidi<\/strong><\/td>\n<td><strong>&lt; 4 meq O\u2082\/kg<\/strong><\/td>\n<td>(gesetzliches H\u00f6chstma\u00df: <em>20 meq O\u2082\/kg<\/em>)<\/td>\n<\/tr>\n<\/tbody>\n<\/table>\n<\/div>\n<p>Diese Werte best\u00e4tigen die <strong>hervorragende Qualit\u00e4t unseres Oliven\u00f6ls<\/strong>: Der hohe Polyphenolgehalt zeigt seine starke antioxidative Wirkung, w\u00e4hrend die niedrige S\u00e4ure und der niedrige Peroxidwert au\u00dfergew\u00f6hnliche Frische und perfekte Lagerung belegen.<\/p>\n<p>[\/et_pb_text][et_pb_button button_url=&#8220;@ET-DC@eyJkeW5hbWljIjp0cnVlLCJjb250ZW50IjoicG9zdF9saW5rX3VybF9wYWdlIiwic2V0dGluZ3MiOnsicG9zdF9pZCI6IjIzOTQ0OTUzIiwiZW5hYmxlX2h0bWwiOiJvZmYifX0=@&#8220; button_text=&#8220;Anfragen&#8220; _builder_version=&#8220;4.27.5&#8243; _dynamic_attributes=&#8220;button_url&#8220; _module_preset=&#8220;default&#8220; custom_button=&#8220;on&#8220; button_text_color=&#8220;#FFFBF3&#8243; button_bg_color=&#8220;#7b9b69&#8243; custom_margin=&#8220;||1em||false|false&#8220; locked=&#8220;off&#8220; global_colors_info=&#8220;{}&#8220;][\/et_pb_button][\/et_pb_column][et_pb_column type=&#8220;1_2&#8243; _builder_version=&#8220;4.21.0&#8243; _module_preset=&#8220;default&#8220; custom_padding=&#8220;|0em|0em|0em|false|false&#8220; custom_padding_tablet=&#8220;|0em|0em|0em|false|false&#8220; custom_padding_phone=&#8220;|0em||0em|false|false&#8220; custom_padding_last_edited=&#8220;on|desktop&#8220; global_colors_info=&#8220;{}&#8220;][et_pb_image src=&#8220;https:\/\/www.agrisalus.it\/wp-content\/uploads\/2025\/12\/Olio-Agrisalus-bonta-a-riva-del-garda.webp&#8220; alt=&#8220;Agrisalus Oliven\u00f6l \u2013 G\u00fcte vom Gardasee&#8220; title_text=&#8220;Agrisalus Oliven\u00f6l \u2013 G\u00fcte vom Gardasee&#8220; force_fullwidth=&#8220;on&#8220; _builder_version=&#8220;4.27.5&#8243; _module_preset=&#8220;default&#8220; custom_margin=&#8220;|0px||0px|false|false&#8220; custom_padding=&#8220;|||0px||&#8220; global_colors_info=&#8220;{}&#8220;][\/et_pb_image][\/et_pb_column][\/et_pb_row][\/et_pb_section][et_pb_section fb_built=&#8220;1&#8243; disabled_on=&#8220;off|off|off&#8220; admin_label=&#8220;Colazioni e Picnic&#8220; module_class=&#8220;f-w-section-r&#8220; _builder_version=&#8220;4.21.0&#8243; _module_preset=&#8220;default&#8220; width=&#8220;100%&#8220; max_width=&#8220;100%&#8220; custom_padding=&#8220;0px||0px|||&#8220; locked=&#8220;off&#8220; collapsed=&#8220;off&#8220; global_colors_info=&#8220;{}&#8220;][et_pb_row column_structure=&#8220;1_2,1_2&#8243; make_equal=&#8220;on&#8220; custom_padding_last_edited=&#8220;on|phone&#8220; disabled_on=&#8220;off|off|off&#8220; _builder_version=&#8220;4.27.5&#8243; _module_preset=&#8220;default&#8220; background_color=&#8220;#FFFBF3&#8243; width=&#8220;100%&#8220; max_width=&#8220;100%&#8220; module_alignment=&#8220;left&#8220; custom_margin=&#8220;auto|0px||0px|false|false&#8220; custom_padding=&#8220;0px||0px||false|false&#8220; custom_padding_tablet=&#8220;0px||0px||false|false&#8220; custom_padding_phone=&#8220;0px||0px|||&#8220; global_colors_info=&#8220;{}&#8220;][et_pb_column type=&#8220;1_2&#8243; _builder_version=&#8220;4.21.0&#8243; _module_preset=&#8220;default&#8220; custom_padding=&#8220;|0em|0em|0em|false|false&#8220; custom_padding_tablet=&#8220;|0em|0em|0em|false|false&#8220; custom_padding_phone=&#8220;|0em||0em|false|false&#8220; custom_padding_last_edited=&#8220;on|desktop&#8220; global_colors_info=&#8220;{}&#8220;][et_pb_image src=&#8220;https:\/\/www.agrisalus.it\/wp-content\/uploads\/2025\/12\/Il-nuovo-olio-di-agrisalus-riva-del-garda.webp&#8220; alt=&#8220;Das neue Agrisalus-\u00d6l \u2013 Riva del Garda&#8220; title_text=&#8220;Das neue Agrisalus-\u00d6l \u2013 Riva del Garda&#8220; _builder_version=&#8220;4.27.5&#8243; _module_preset=&#8220;default&#8220; width=&#8220;100%&#8220; max_width=&#8220;100%&#8220; custom_margin=&#8220;|0px||0px|false|false&#8220; custom_padding=&#8220;|||0px||&#8220; global_colors_info=&#8220;{}&#8220;][\/et_pb_image][\/et_pb_column][et_pb_column type=&#8220;1_2&#8243; module_class=&#8220;center-column&#8220; _builder_version=&#8220;4.21.0&#8243; _module_preset=&#8220;default&#8220; custom_padding=&#8220;|13em||8em|false|false&#8220; custom_padding_tablet=&#8220;4em|6em|4em|6em|false|false&#8220; custom_padding_phone=&#8220;|3em|4em|3em|false|true&#8220; custom_padding_last_edited=&#8220;on|phone&#8220; global_colors_info=&#8220;{}&#8220; custom_padding__hover_enabled=&#8220;off|desktop&#8220;][et_pb_text _builder_version=&#8220;4.27.5&#8243; _module_preset=&#8220;default&#8220; header_text_align=&#8220;center&#8220; header_3_font=&#8220;|600||on|||||&#8220; custom_margin=&#8220;10px||0px||false|false&#8220; header_2_line_height_tablet=&#8220;&#8220; header_2_line_height_phone=&#8220;1.4em&#8220; header_2_line_height_last_edited=&#8220;on|phone&#8220; locked=&#8220;off&#8220; global_colors_info=&#8220;{}&#8220;]<\/p>\n<h2 style=\"text-align: left;\">Die Vielfalt der Mischung: Unsere Olivensorten<\/h2>\n<p>[\/et_pb_text][et_pb_text _builder_version=&#8220;4.27.5&#8243; _module_preset=&#8220;default&#8220; text_font_size=&#8220;16px&#8220; text_line_height=&#8220;1.6em&#8220; custom_margin=&#8220;10px||20px||false|false&#8220; hover_enabled=&#8220;0&#8243; locked=&#8220;off&#8220; global_colors_info=&#8220;{}&#8220; sticky_enabled=&#8220;0&#8243;]<\/p>\n<p>Das sensorische Profil unseres \u00d6ls entsteht durch die sorgf\u00e4ltige Mischung verschiedener Olivensorten, die jeweils ausgew\u00e4hlt wurden, um zum endg\u00fcltigen Gleichgewicht beizutragen:<\/p>\n<ul>\n<li><strong>Leccino<\/strong><\/li>\n<li><strong>Cima di Melfi<\/strong><\/li>\n<li><strong>Cima di Mola<\/strong><\/li>\n<li><strong>Olivastra<\/strong><\/li>\n<li><strong>Simona <\/strong><\/li>\n<li><strong>Nociara Frantoiana<\/strong><\/li>\n<li><strong>Coratina<\/strong><\/li>\n<\/ul>\n<p>[\/et_pb_text][\/et_pb_column][\/et_pb_row][\/et_pb_section][et_pb_section fb_built=&#8220;1&#8243; disabled_on=&#8220;off|off|off&#8220; admin_label=&#8220;Eventi e Aperitivi&#8220; module_class=&#8220;f-w-section&#8220; _builder_version=&#8220;4.27.4&#8243; _module_preset=&#8220;default&#8220; width=&#8220;100%&#8220; max_width=&#8220;100%&#8220; custom_padding=&#8220;0px||0px|||&#8220; locked=&#8220;off&#8220; collapsed=&#8220;off&#8220; global_colors_info=&#8220;{}&#8220;][et_pb_row column_structure=&#8220;1_2,1_2&#8243; make_equal=&#8220;on&#8220; custom_padding_last_edited=&#8220;on|desktop&#8220; disabled_on=&#8220;off|off|off&#8220; _builder_version=&#8220;4.21.0&#8243; _module_preset=&#8220;default&#8220; background_color=&#8220;#FFFBF3&#8243; width=&#8220;100%&#8220; max_width=&#8220;100%&#8220; module_alignment=&#8220;left&#8220; custom_margin=&#8220;auto|0px||0px|false|false&#8220; custom_padding=&#8220;0px||0px|||&#8220; custom_padding_tablet=&#8220;0px||0px|||&#8220; custom_padding_phone=&#8220;0px||0px|||&#8220; collapsed=&#8220;off&#8220; global_colors_info=&#8220;{}&#8220;][et_pb_column type=&#8220;1_2&#8243; module_class=&#8220;center-column&#8220; _builder_version=&#8220;4.21.0&#8243; _module_preset=&#8220;default&#8220; custom_padding=&#8220;|8em||13em|false|false&#8220; custom_padding_tablet=&#8220;|6em|2em|6em|false|false&#8220; custom_padding_phone=&#8220;|3em|3em|3em|false|true&#8220; custom_padding_last_edited=&#8220;on|phone&#8220; global_colors_info=&#8220;{}&#8220; custom_padding__hover_enabled=&#8220;off|desktop&#8220;][et_pb_text _builder_version=&#8220;4.27.5&#8243; _module_preset=&#8220;default&#8220; header_text_align=&#8220;center&#8220; header_3_font=&#8220;|600||on|||||&#8220; custom_margin=&#8220;10px||0px||false|false&#8220; header_2_line_height_tablet=&#8220;&#8220; header_2_line_height_phone=&#8220;1.4em&#8220; header_2_line_height_last_edited=&#8220;on|phone&#8220; locked=&#8220;off&#8220; global_colors_info=&#8220;{}&#8220;]<\/p>\n<h2 style=\"text-align: left;\">Unsere Kompetenz: Ethische und nachhaltige Landwirtschaft<\/h2>\n<p>[\/et_pb_text][et_pb_text _builder_version=&#8220;4.27.5&#8243; _module_preset=&#8220;default&#8220; text_font_size=&#8220;16px&#8220; text_line_height=&#8220;1.6em&#8220; custom_margin=&#8220;10px||20px||false|false&#8220; hover_enabled=&#8220;0&#8243; locked=&#8220;off&#8220; global_colors_info=&#8220;{}&#8220; sticky_enabled=&#8220;0&#8243;]<\/p>\n<p>Die Pflege unserer B\u00f6den ist das Herzst\u00fcck unserer Philosophie:<\/p>\n<ul>\n<li><strong>Fr\u00fche Ernte und schnelle Verarbeitung<\/strong>:<br \/>Wir ernten die Oliven, wenn ihr Antioxidantiengehalt am h\u00f6chsten ist, und verarbeiten sie innerhalb von <strong>12 Stunden<\/strong>. Die Kaltpressung bewahrt alle N\u00e4hrstoffe. <\/li>\n<li><strong>Regenerative Landwirtschaft (Gr\u00fcnd\u00fcngung)<\/strong>:<br \/>Zwischen den Olivenreihen s\u00e4en wir Pflanzen, die den Boden mit Stickstoff anreichern, die <strong>Bodenstruktur verbessern und die Biodiversit\u00e4t erh\u00f6hen.<\/strong><\/li>\n<li><strong>Gezielter Baumschnitt<\/strong>:<br \/>J\u00e4hrlicher Schnitt sorgt f\u00fcr optimale Licht- und Luftzufuhr f\u00fcr jeden Baum \u2013 entscheidend f\u00fcr gesunde Fr\u00fcchte und intensive Aromen.<\/li>\n<\/ul>\n<p><strong>Unser Oliven\u00f6l zu w\u00e4hlen bedeutet, in ein Produkt zu investieren, in dem technisches Know-how, Transparenz und Respekt f\u00fcr die Natur zusammenkommen, um eine Mischung mit <em>au\u00dfergew\u00f6hnlicher <\/em>sensorischer Qualit\u00e4t zu schaffen.<\/strong><\/p>\n<p>[\/et_pb_text][et_pb_button button_url=&#8220;@ET-DC@eyJkeW5hbWljIjp0cnVlLCJjb250ZW50IjoicG9zdF9saW5rX3VybF9wYWdlIiwic2V0dGluZ3MiOnsicG9zdF9pZCI6IjIzOTQ0OTUzIiwiZW5hYmxlX2h0bWwiOiJvZmYifX0=@&#8220; button_text=&#8220;Anfragen&#8220; _builder_version=&#8220;4.27.5&#8243; _dynamic_attributes=&#8220;button_url&#8220; _module_preset=&#8220;default&#8220; custom_button=&#8220;on&#8220; button_text_color=&#8220;#FFFBF3&#8243; button_bg_color=&#8220;#7b9b69&#8243; custom_margin=&#8220;||1em||false|false&#8220; locked=&#8220;off&#8220; global_colors_info=&#8220;{}&#8220;][\/et_pb_button][\/et_pb_column][et_pb_column type=&#8220;1_2&#8243; _builder_version=&#8220;4.21.0&#8243; _module_preset=&#8220;default&#8220; custom_padding=&#8220;|0em|0em|0em|false|false&#8220; custom_padding_tablet=&#8220;|0em|0em|0em|false|false&#8220; custom_padding_phone=&#8220;|0em||0em|false|false&#8220; custom_padding_last_edited=&#8220;on|desktop&#8220; global_colors_info=&#8220;{}&#8220;][et_pb_image src=&#8220;https:\/\/www.agrisalus.it\/wp-content\/uploads\/2025\/12\/Olio-1.webp&#8220; alt=&#8220;Luxury milk und cheese experience &#8211; Fattoria didattica&#8220; title_text=&#8220;Oliven\u00f6l&#8220; _builder_version=&#8220;4.27.5&#8243; _module_preset=&#8220;default&#8220; width=&#8220;100%&#8220; max_width=&#8220;100%&#8220; custom_margin=&#8220;|0px||0px|false|false&#8220; custom_padding=&#8220;|||0px||&#8220; global_colors_info=&#8220;{}&#8220;][\/et_pb_image][\/et_pb_column][\/et_pb_row][\/et_pb_section][et_pb_section fb_built=&#8220;1&#8243; disabled_on=&#8220;on|off|off&#8220; admin_label=&#8220;Slider hover&#8220; _builder_version=&#8220;4.21.0&#8243; _module_preset=&#8220;default&#8220; background_color=&#8220;#FFF2E1&#8243; custom_margin=&#8220;0px||0px||true|false&#8220; custom_padding=&#8220;0px||0px||true|false&#8220; global_module=&#8220;23947328&#8243; saved_tabs=&#8220;all&#8220; locked=&#8220;off&#8220; collapsed=&#8220;on&#8220; global_colors_info=&#8220;{}&#8220;][et_pb_row _builder_version=&#8220;4.21.0&#8243; _module_preset=&#8220;default&#8220; width=&#8220;100%&#8220; max_width=&#8220;100%&#8220; custom_padding=&#8220;0px||0px||false|false&#8220; global_colors_info=&#8220;{}&#8220;][et_pb_column type=&#8220;4_4&#8243; _builder_version=&#8220;4.21.0&#8243; _module_preset=&#8220;default&#8220; global_colors_info=&#8220;{}&#8220;][dipi_hover_gallery use_icon_active_style=&#8220;on&#8220; icon_image_padding=&#8220;0px|0px|0px|0px|false|true&#8220; icon_image_padding_active=&#8220;0px|0px|0px|0px|true|true&#8220; content_circle_color_active=&#8220;#9EBB87&#8243; active_item_bg_color=&#8220;#9EBB87&#8243; item_bg_color=&#8220;#5D5149&#8243; grid_gap=&#8220;15px&#8220; grid_width=&#8220;40%&#8220; columns_tablet=&#8220;1&#8243; columns_phone=&#8220;1&#8243; columns_last_edited=&#8220;on|phone&#8220; grid_width_tablet=&#8220;100%&#8220; grid_width_phone=&#8220;100%&#8220; grid_width_last_edited=&#8220;on|desktop&#8220; _builder_version=&#8220;4.26.0&#8243; _module_preset=&#8220;default&#8220; content_title_text_color=&#8220;#FFF2E1&#8243; background_enable_color=&#8220;off&#8220; custom_margin=&#8220;||||false|false&#8220; custom_padding=&#8220;||||false|false&#8220; border_radii_item=&#8220;on|110px|110px|110px|110px&#8220; locked=&#8220;off&#8220; global_colors_info=&#8220;{}&#8220;][dipi_hover_gallery_item use_item_style=&#8220;on&#8220; use_item_active_style=&#8220;on&#8220; item_bg_color=&#8220;rgba(93,81,73,0)&#8220; item_active_bg_color=&#8220;RGBA(255,255,255,0)&#8220; image=&#8220;https:\/\/www.agrisalus.it\/wp-content\/uploads\/2023\/07\/Malga-Arco-Agrisalus-Agricampeggio.webp&#8220; title=&#8220;Viehweide&#8220; use_button=&#8220;on&#8220; content_alignment=&#8220;center&#8220; content_v_alignment=&#8220;top&#8220; admin_label=&#8220;Malga&#8220; _builder_version=&#8220;4.26.0&#8243; _dynamic_attributes=&#8220;link_option_url&#8220; _module_preset=&#8220;default&#8220; min_height=&#8220;25px&#8220; custom_margin=&#8220;||||false|false&#8220; link_option_url=&#8220;@ET-DC@eyJkeW5hbWljIjp0cnVlLCJjb250ZW50IjoicG9zdF9saW5rX3VybF9wYWdlIiwic2V0dGluZ3MiOnsicG9zdF9pZCI6IjIzOTQ0ODAzIiwiZW5hYmxlX2h0bWwiOiJvZmYifX0=@&#8220; global_colors_info=&#8220;{}&#8220;][\/dipi_hover_gallery_item][dipi_hover_gallery_item use_item_style=&#8220;on&#8220; use_item_active_style=&#8220;on&#8220; item_bg_color=&#8220;rgba(93,81,73,0)&#8220; item_active_bg_color=&#8220;RGBA(255,255,255,0)&#8220; image=&#8220;https:\/\/www.agrisalus.it\/wp-content\/uploads\/2023\/09\/giornata-in-fattoria-scuole-agrisalus.webp&#8220; title=&#8220;Lehrbauernhof&#8220; content_alignment=&#8220;center&#8220; content_v_alignment=&#8220;top&#8220; admin_label=&#8220;Fattoria didattica&#8220; content_alignment_tablet=&#8220;center&#8220; content_alignment_phone=&#8220;center&#8220; content_alignment_last_edited=&#8220;on|phone&#8220; _builder_version=&#8220;4.24.3&#8243; _dynamic_attributes=&#8220;link_option_url&#8220; _module_preset=&#8220;default&#8220; min_height=&#8220;25px&#8220; custom_margin=&#8220;||||false|false&#8220; link_option_url=&#8220;@ET-DC@eyJkeW5hbWljIjp0cnVlLCJjb250ZW50IjoicG9zdF9saW5rX3VybF9wYWdlIiwic2V0dGluZ3MiOnsicG9zdF9pZCI6IjIzOTQ0Njk3IiwiZW5hYmxlX2h0bWwiOiJvZmYifX0=@&#8220; global_colors_info=&#8220;{}&#8220; width__hover_enabled=&#8220;off|desktop&#8220;][\/dipi_hover_gallery_item][dipi_hover_gallery_item use_item_style=&#8220;on&#8220; use_item_active_style=&#8220;on&#8220; item_bg_color=&#8220;rgba(93,81,73,0)&#8220; item_active_bg_color=&#8220;RGBA(255,255,255,0)&#8220; image=&#8220;https:\/\/www.agrisalus.it\/wp-content\/uploads\/2023\/07\/Prodotti-shop-Agrisalus-Arco.webp&#8220; title=&#8220;Shop&#8220; use_button=&#8220;on&#8220; content_alignment=&#8220;center&#8220; content_v_alignment=&#8220;top&#8220; admin_label=&#8220;Shop&#8220; _builder_version=&#8220;4.21.0&#8243; _dynamic_attributes=&#8220;link_option_url&#8220; _module_preset=&#8220;default&#8220; min_height=&#8220;25px&#8220; custom_margin=&#8220;||||false|false&#8220; link_option_url=&#8220;@ET-DC@eyJkeW5hbWljIjp0cnVlLCJjb250ZW50IjoicG9zdF9saW5rX3VybF9wYWdlIiwic2V0dGluZ3MiOnsicG9zdF9pZCI6IjIzOTQ0ODAzIiwiZW5hYmxlX2h0bWwiOiJvZmYifX0=@&#8220; global_colors_info=&#8220;{}&#8220;][\/dipi_hover_gallery_item][\/dipi_hover_gallery][\/et_pb_column][\/et_pb_row][\/et_pb_section]<\/p>\n","protected":false},"excerpt":{"rendered":"<p>Agrisalus Oliven\u00f6lFTransparenz und Leidenschaft Der Wert \u00fcber das Etikett hinausUnsere Wurzeln liegen in der beeindruckenden Landschaft des Gardasees. Unser Ziel ist klar: ein natives Oliven\u00f6l extra zu schaffen, das konstant charakterstark, komplex und perfekt ausgewogen ist.Um diese messbare Qualit\u00e4t in jeder Flasche zu garantieren, haben wir uns entschieden, die Eleganz des Nordens mit der F\u00fclle [&hellip;]<\/p>\n","protected":false},"author":6,"featured_media":23948134,"parent":0,"menu_order":0,"comment_status":"closed","ping_status":"closed","template":"","meta":{"_et_pb_use_builder":"on","_et_pb_old_content":"","_et_gb_content_width":"","inline_featured_image":false,"_joinchat":[],"footnotes":""},"dipi_cpt_category":[],"class_list":["post-23948260","page","type-page","status-publish","has-post-thumbnail","hentry"],"yoast_head":"<!-- This site is optimized with the Yoast SEO plugin v27.4 - https:\/\/yoast.com\/product\/yoast-seo-wordpress\/ -->\n<title>Agrisalus\u00f6l - Agricampeggio Arco<\/title>\n<meta name=\"description\" content=\"Entdecken Sie Agrisalus-\u00d6l\" \/>\n<meta name=\"robots\" content=\"index, follow, max-snippet:-1, max-image-preview:large, max-video-preview:-1\" \/>\n<link rel=\"canonical\" href=\"https:\/\/www.agrisalus.it\/de\/olivenoel\/\" \/>\n<meta property=\"og:locale\" content=\"de_DE\" \/>\n<meta property=\"og:type\" content=\"article\" \/>\n<meta property=\"og:title\" content=\"Agrisalus\u00f6l - Agricampeggio Arco\" \/>\n<meta property=\"og:description\" content=\"Entdecken Sie Agrisalus-\u00d6l\" \/>\n<meta property=\"og:url\" content=\"https:\/\/www.agrisalus.it\/de\/olivenoel\/\" \/>\n<meta property=\"og:site_name\" content=\"Agrisalus - Agricampeggio Arco\" \/>\n<meta property=\"article:modified_time\" content=\"2026-03-05T16:13:33+00:00\" \/>\n<meta property=\"og:image\" content=\"https:\/\/www.agrisalus.it\/wp-content\/uploads\/2025\/12\/Prova-olio-del-trentino-agrisalus.webp\" \/>\n\t<meta property=\"og:image:width\" content=\"1920\" \/>\n\t<meta property=\"og:image:height\" content=\"1080\" \/>\n\t<meta property=\"og:image:type\" content=\"image\/webp\" \/>\n<meta name=\"twitter:card\" content=\"summary_large_image\" \/>\n<meta name=\"twitter:label1\" content=\"Gesch\u00e4tzte Lesezeit\" \/>\n\t<meta name=\"twitter:data1\" content=\"17\u00a0Minuten\" \/>\n<script type=\"application\/ld+json\" class=\"yoast-schema-graph\">{\"@context\":\"https:\\\/\\\/schema.org\",\"@graph\":[{\"@type\":\"WebPage\",\"@id\":\"https:\\\/\\\/www.agrisalus.it\\\/de\\\/olivenoel\\\/\",\"url\":\"https:\\\/\\\/www.agrisalus.it\\\/de\\\/olivenoel\\\/\",\"name\":\"Agrisalus\u00f6l - Agricampeggio Arco\",\"isPartOf\":{\"@id\":\"https:\\\/\\\/www.agrisalus.it\\\/de\\\/#website\"},\"primaryImageOfPage\":{\"@id\":\"https:\\\/\\\/www.agrisalus.it\\\/de\\\/olivenoel\\\/#primaryimage\"},\"image\":{\"@id\":\"https:\\\/\\\/www.agrisalus.it\\\/de\\\/olivenoel\\\/#primaryimage\"},\"thumbnailUrl\":\"https:\\\/\\\/www.agrisalus.it\\\/wp-content\\\/uploads\\\/2025\\\/12\\\/Prova-olio-del-trentino-agrisalus.webp\",\"datePublished\":\"2025-11-27T12:39:48+00:00\",\"dateModified\":\"2026-03-05T16:13:33+00:00\",\"description\":\"Entdecken Sie Agrisalus-\u00d6l\",\"breadcrumb\":{\"@id\":\"https:\\\/\\\/www.agrisalus.it\\\/de\\\/olivenoel\\\/#breadcrumb\"},\"inLanguage\":\"de\",\"potentialAction\":[{\"@type\":\"ReadAction\",\"target\":[\"https:\\\/\\\/www.agrisalus.it\\\/de\\\/olivenoel\\\/\"]}]},{\"@type\":\"ImageObject\",\"inLanguage\":\"de\",\"@id\":\"https:\\\/\\\/www.agrisalus.it\\\/de\\\/olivenoel\\\/#primaryimage\",\"url\":\"https:\\\/\\\/www.agrisalus.it\\\/wp-content\\\/uploads\\\/2025\\\/12\\\/Prova-olio-del-trentino-agrisalus.webp\",\"contentUrl\":\"https:\\\/\\\/www.agrisalus.it\\\/wp-content\\\/uploads\\\/2025\\\/12\\\/Prova-olio-del-trentino-agrisalus.webp\",\"width\":1920,\"height\":1080,\"caption\":\"Prova olio del trentino - agrisalus\"},{\"@type\":\"BreadcrumbList\",\"@id\":\"https:\\\/\\\/www.agrisalus.it\\\/de\\\/olivenoel\\\/#breadcrumb\",\"itemListElement\":[{\"@type\":\"ListItem\",\"position\":1,\"name\":\"Home\",\"item\":\"https:\\\/\\\/www.agrisalus.it\\\/de\\\/home\\\/\"},{\"@type\":\"ListItem\",\"position\":2,\"name\":\"Oliven\u00f6l\"}]},{\"@type\":\"WebSite\",\"@id\":\"https:\\\/\\\/www.agrisalus.it\\\/de\\\/#website\",\"url\":\"https:\\\/\\\/www.agrisalus.it\\\/de\\\/\",\"name\":\"Agrisalus - Agricampeggio Arco\",\"description\":\"Agricampeggio - Arco Trentino\",\"potentialAction\":[{\"@type\":\"SearchAction\",\"target\":{\"@type\":\"EntryPoint\",\"urlTemplate\":\"https:\\\/\\\/www.agrisalus.it\\\/de\\\/?s={search_term_string}\"},\"query-input\":{\"@type\":\"PropertyValueSpecification\",\"valueRequired\":true,\"valueName\":\"search_term_string\"}}],\"inLanguage\":\"de\"}]}<\/script>\n<!-- \/ Yoast SEO plugin. -->","yoast_head_json":{"title":"Agrisalus\u00f6l - Agricampeggio Arco","description":"Entdecken Sie Agrisalus-\u00d6l","robots":{"index":"index","follow":"follow","max-snippet":"max-snippet:-1","max-image-preview":"max-image-preview:large","max-video-preview":"max-video-preview:-1"},"canonical":"https:\/\/www.agrisalus.it\/de\/olivenoel\/","og_locale":"de_DE","og_type":"article","og_title":"Agrisalus\u00f6l - Agricampeggio Arco","og_description":"Entdecken Sie Agrisalus-\u00d6l","og_url":"https:\/\/www.agrisalus.it\/de\/olivenoel\/","og_site_name":"Agrisalus - Agricampeggio Arco","article_modified_time":"2026-03-05T16:13:33+00:00","og_image":[{"width":1920,"height":1080,"url":"https:\/\/www.agrisalus.it\/wp-content\/uploads\/2025\/12\/Prova-olio-del-trentino-agrisalus.webp","type":"image\/webp"}],"twitter_card":"summary_large_image","twitter_misc":{"Gesch\u00e4tzte Lesezeit":"17\u00a0Minuten"},"schema":{"@context":"https:\/\/schema.org","@graph":[{"@type":"WebPage","@id":"https:\/\/www.agrisalus.it\/de\/olivenoel\/","url":"https:\/\/www.agrisalus.it\/de\/olivenoel\/","name":"Agrisalus\u00f6l - Agricampeggio Arco","isPartOf":{"@id":"https:\/\/www.agrisalus.it\/de\/#website"},"primaryImageOfPage":{"@id":"https:\/\/www.agrisalus.it\/de\/olivenoel\/#primaryimage"},"image":{"@id":"https:\/\/www.agrisalus.it\/de\/olivenoel\/#primaryimage"},"thumbnailUrl":"https:\/\/www.agrisalus.it\/wp-content\/uploads\/2025\/12\/Prova-olio-del-trentino-agrisalus.webp","datePublished":"2025-11-27T12:39:48+00:00","dateModified":"2026-03-05T16:13:33+00:00","description":"Entdecken Sie Agrisalus-\u00d6l","breadcrumb":{"@id":"https:\/\/www.agrisalus.it\/de\/olivenoel\/#breadcrumb"},"inLanguage":"de","potentialAction":[{"@type":"ReadAction","target":["https:\/\/www.agrisalus.it\/de\/olivenoel\/"]}]},{"@type":"ImageObject","inLanguage":"de","@id":"https:\/\/www.agrisalus.it\/de\/olivenoel\/#primaryimage","url":"https:\/\/www.agrisalus.it\/wp-content\/uploads\/2025\/12\/Prova-olio-del-trentino-agrisalus.webp","contentUrl":"https:\/\/www.agrisalus.it\/wp-content\/uploads\/2025\/12\/Prova-olio-del-trentino-agrisalus.webp","width":1920,"height":1080,"caption":"Prova olio del trentino - agrisalus"},{"@type":"BreadcrumbList","@id":"https:\/\/www.agrisalus.it\/de\/olivenoel\/#breadcrumb","itemListElement":[{"@type":"ListItem","position":1,"name":"Home","item":"https:\/\/www.agrisalus.it\/de\/home\/"},{"@type":"ListItem","position":2,"name":"Oliven\u00f6l"}]},{"@type":"WebSite","@id":"https:\/\/www.agrisalus.it\/de\/#website","url":"https:\/\/www.agrisalus.it\/de\/","name":"Agrisalus - Agricampeggio Arco","description":"Agricampeggio - Arco Trentino","potentialAction":[{"@type":"SearchAction","target":{"@type":"EntryPoint","urlTemplate":"https:\/\/www.agrisalus.it\/de\/?s={search_term_string}"},"query-input":{"@type":"PropertyValueSpecification","valueRequired":true,"valueName":"search_term_string"}}],"inLanguage":"de"}]}},"_links":{"self":[{"href":"https:\/\/www.agrisalus.it\/de\/wp-json\/wp\/v2\/pages\/23948260","targetHints":{"allow":["GET"]}}],"collection":[{"href":"https:\/\/www.agrisalus.it\/de\/wp-json\/wp\/v2\/pages"}],"about":[{"href":"https:\/\/www.agrisalus.it\/de\/wp-json\/wp\/v2\/types\/page"}],"author":[{"embeddable":true,"href":"https:\/\/www.agrisalus.it\/de\/wp-json\/wp\/v2\/users\/6"}],"replies":[{"embeddable":true,"href":"https:\/\/www.agrisalus.it\/de\/wp-json\/wp\/v2\/comments?post=23948260"}],"version-history":[{"count":2,"href":"https:\/\/www.agrisalus.it\/de\/wp-json\/wp\/v2\/pages\/23948260\/revisions"}],"predecessor-version":[{"id":23948262,"href":"https:\/\/www.agrisalus.it\/de\/wp-json\/wp\/v2\/pages\/23948260\/revisions\/23948262"}],"wp:featuredmedia":[{"embeddable":true,"href":"https:\/\/www.agrisalus.it\/de\/wp-json\/wp\/v2\/media\/23948134"}],"wp:attachment":[{"href":"https:\/\/www.agrisalus.it\/de\/wp-json\/wp\/v2\/media?parent=23948260"}],"wp:term":[{"taxonomy":"dipi_cpt_category","embeddable":true,"href":"https:\/\/www.agrisalus.it\/de\/wp-json\/wp\/v2\/dipi_cpt_category?post=23948260"}],"curies":[{"name":"wp","href":"https:\/\/api.w.org\/{rel}","templated":true}]}}